{"id":1733,"date":"2025-01-27T20:43:16","date_gmt":"2025-01-27T19:43:16","guid":{"rendered":"https:\/\/teatrodeningures.gal\/?page_id=1733"},"modified":"2025-10-19T10:54:44","modified_gmt":"2025-10-19T08:54:44","slug":"as-gardias","status":"publish","type":"page","link":"https:\/\/teatrodeningures.gal\/gl\/as-gardias\/","title":{"rendered":"As Gardi\u00e1s"},"content":{"rendered":"<div><a href=\"#\">Teatro de ningures presenta<\/a><\/div>\n<h1>As Gardi\u00e1s<\/h1>\n<div><a href=\"#\"><\/p>\n<p>Ou o n\u00f3 do tecel\u00e1n, de Nasser Djema\u00ef<\/p>\n<p><\/a><\/div>\n<div>\n<p>        <img decoding=\"async\" src=\"\/wp-content\/uploads\/2025\/10\/logo-white.png\" alt=\"\"><\/p>\n<h4>PREMIO DA CR\u00cdTICA DE GALICIA 2025<\/h4>\n<\/div>\n<p><p>\n        <a href=\"#episode\">M\u00e1is informaci\u00f3n<\/a>\n    <\/p>\n<\/p>\n<div>\n<blockquote>\n<p>O humilde piso de Rosa, nun vello edificio no coraz\u00f3n dun barrio popular dunha vila obreira, \u00e9 o refuxio acolledor dunha tribo de catro mulleres maiores organizadas.<\/p>\n<\/blockquote>\n<p>Rosa (que se topa nunha cadeira de rodas) e as s\u00faas compa\u00f1eiras, Ana, Marga e Susana, son operarias xubiladas da industria t\u00e9xtil, e est\u00e1n decididas a preservar a s\u00faa independencia. Cando a filla de Rosa, Vitoria, prop\u00f3n trasladala a unha instituci\u00f3n m\u00e9dica e vender o apartamento, comeza unha loita entre d\u00faas visi\u00f3ns do ben envellecer. Enfrontadas \u00e1s decisi\u00f3ns de Vitoria, as vellas mulleres defenden o seu dereito a vivir xuntas e en liberdade e artellan unha serie de estratexias para convencer a Vitoria\u00a0 de que a s\u00faa \u00e9 a postura mellor.<\/p>\n<p>A peza, As gardi\u00e1s, reflexiona sobre os coidados \u00e1 vellez, contrastando o mundo das residencias protexidas co calor humano da familia e a comunidade. O autor, Nasser Djema\u00ef, narra con sensibilidade a resistencia destas &#8220;gardi\u00e1s&#8221; contra a\u00a0 inclemente modernidade. A trav\u00e9s das vivencias destas mulleres, a peza explora o desexo de vivir e a solidariedade comunitaria, e nos interpela a todas as persoas sobre como, onde e con quen queremos envellecer.<\/p>\n<h3>As gardi\u00e1s ou o dereito a decidir como xestionar a nosa vellez. Prop\u00f3sito dunha posta en escena para a compa\u00f1\u00eda Teatro de Ningures.<\/h3>\n<p>A posta en escena da obra de teatro &#8220;As Gardi\u00e1s&#8221; des\u00e9\u00f1ase co firme prop\u00f3sito de\u00a0 explorar, m\u00e1is tam\u00e9n desafiar, as percepci\u00f3ns sociais sobre a vellez e o dereito (ou m\u00e1is ben a falta de dereitos)\u00a0 das persoas maiores a xestionar as s\u00faas vidas e a s\u00faa autonom\u00eda. A trav\u00e9s do conflito entre a filla de Rosa, Vitoria,\u00a0 e as catro habitantes do pequeno piso de Rosa, a peza do autor Nasser Djema\u00ef ofr\u00e9cenos a oportunidade de reflexionar sobre o valor da comunidade, a solidariedade e o desexo de vivir con dignidade. A posta en escena quere aproveitar temas como a relaci\u00f3n interxeracional, a independencia, e a loita contra a certo poscapitalismo que, sen piedade, non reco\u00f1ece o espazo e a voz das persoas maiores, releg\u00e1ndoas \u00e1 subsistencia en lugares onde non poden decidir o xeito de pasar os derradeiros anos da s\u00faa vida.\u00a0<\/p>\n<p>Non \u00e9 casualidade que unha compa\u00f1\u00eda como Teatro de Ningures propo\u00f1a unha produci\u00f3n como esta. Estamos a falar dunha compa\u00f1\u00eda asentada nunha comarca populosa, que sempre participou dos proxectos sociais e pol\u00edticos da s\u00faa contorna, activa en canto a levar a cabo proxectos educativos, art\u00edsticos, festivais, etc, que dun xeito ou doutro, responden \u00e1s necesidades sociais e culturais da veci\u00f1anza da s\u00faa comarca. Eles, aportan unha implicaci\u00f3n no seu territorio que os fan estar en condici\u00f3ns de formular as preguntas e procurar as respostas que a peza est\u00e1 a propor, e coherencia coa traxectoria desenvolvida ao longo de d\u00e9cadas.<\/p>\n<p>Por iso esta posta en escena, seguindo o exemplo da Compa\u00f1\u00eda, quere ter en conta o local, a veci\u00f1anza a quen vai dirixida, sabendo que est\u00e1 a tratar un tema tan universal como \u00e9 o envellecemento da poboaci\u00f3n. Estamos diante de temas que resoan dun xeito comunitario e que poden crear un vinculo emocional importante entre ditos temas e o p\u00fablico. Este \u00e9 outro xeito de prestar servizo \u00e1 comunidade, desde a cultura e sen darlle as costas ao que acontece no noso territorio, provocando conversas que mesmo poden axudar a procurar soluci\u00f3ns, ou polo menos a favorecer un debate emerxendo un conflito cada vez m\u00e1is presente na nosa sociedade.<\/p>\n<\/div>\n<h3>Galer\u00eda<\/h3>\n<ul>\n<li>\n<p>        <img decoding=\"async\" src=\"\/wp-content\/uploads\/2025\/09\/Web-Gardias-Ningures-2025.jpg\" alt=\"\"><\/p>\n<h3>Web-Gardias-Ningures-2025<\/h3>\n<\/li>\n<li>\n<p>        <img decoding=\"async\" src=\"\/wp-content\/uploads\/2025\/09\/Web-Gardias-Ningures-2025-2.jpg\" alt=\"\"><\/p>\n<h3>Web-Gardias-Ningures-2025-2<\/h3>\n<\/li>\n<li>\n<p>        <img decoding=\"async\" src=\"\/wp-content\/uploads\/2025\/01\/web-gardias-ningures-36.jpg\" alt=\"\"><\/p>\n<h3>web-gardias-ningures-8<\/h3>\n<\/li>\n<li>\n<p>        <img decoding=\"async\" src=\"\/wp-content\/uploads\/2025\/09\/Web-Gardias-Ningures-2025-3.jpg\" alt=\"\"><\/p>\n<h3>Web-Gardias-Ningures-2025-3<\/h3>\n<\/li>\n<li>\n<p>        <img decoding=\"async\" src=\"\/wp-content\/uploads\/2025\/09\/Web-Gardias-Ningures-2025-8.jpg\" alt=\"\"><\/p>\n<h3>Web-Gardias-Ningures-2025-8<\/h3>\n<\/li>\n<li>\n<p>        <img decoding=\"async\" src=\"\/wp-content\/uploads\/2025\/09\/Web-Gardias-Ningures-2025-17.jpg\" alt=\"\"><\/p>\n<h3>Web-Gardias-Ningures-2025-17<\/h3>\n<\/li>\n<li>\n<p>        <img decoding=\"async\" src=\"\/wp-content\/uploads\/2025\/09\/Web-Gardias-Ningures-2025-18.jpg\" alt=\"\"><\/p>\n<h3>Web-Gardias-Ningures-2025-18<\/h3>\n<\/li>\n<li>\n<p>        <img decoding=\"async\" src=\"\/wp-content\/uploads\/2025\/09\/Web-Gardias-Ningures-2025-19.jpg\" alt=\"\"><\/p>\n<h3>Web-Gardias-Ningures-2025-19<\/h3>\n<\/li>\n<li>\n<p>        <img decoding=\"async\" src=\"\/wp-content\/uploads\/2025\/09\/Web-Gardias-Ningures-2025-21.jpg\" alt=\"\"><\/p>\n<h3>Web-Gardias-Ningures-2025-21<\/h3>\n<\/li>\n<li>\n<p>        <img decoding=\"async\" src=\"\/wp-content\/uploads\/2025\/09\/Web-Gardias-Ningures-2025-30.jpg\" alt=\"\"><\/p>\n<h3>Web-Gardias-Ningures-2025-30<\/h3>\n<\/li>\n<li>\n<p>        <img decoding=\"async\" src=\"\/wp-content\/uploads\/2025\/09\/Web-Gardias-Ningures-2025-22.jpg\" alt=\"\"><\/p>\n<h3>Web-Gardias-Ningures-2025-22<\/h3>\n<\/li>\n<li>\n<p>        <img decoding=\"async\" src=\"\/wp-content\/uploads\/2025\/09\/Web-Gardias-Ningures-2025-46.jpg\" alt=\"\"><\/p>\n<h3>Web-Gardias-Ningures-2025-46<\/h3>\n<\/li>\n<li>\n<p>        <img decoding=\"async\" src=\"\/wp-content\/uploads\/2025\/09\/Web-Gardias-Ningures-2025-45.jpg\" alt=\"\"><\/p>\n<h3>Web-Gardias-Ningures-2025-45<\/h3>\n<\/li>\n<li>\n<p>        <img decoding=\"async\" src=\"\/wp-content\/uploads\/2025\/09\/Web-Gardias-Ningures-2025-39.jpg\" alt=\"\"><\/p>\n<h3>Web-Gardias-Ningures-2025-39<\/h3>\n<\/li>\n<li>\n<p>        <img decoding=\"async\" src=\"\/wp-content\/uploads\/2025\/09\/Web-Gardias-Ningures-2025-40.jpg\" alt=\"\"><\/p>\n<h3>Web-Gardias-Ningures-2025-40<\/h3>\n<\/li>\n<\/ul>\n<h3>Tr\u00e1iler<\/h3>\n<p><iframe src=\"https:\/\/youtu.be\/m4Vo2K6slTM\"><\/iframe><\/p>\n<hr>\n<p><a href=\"\/wp-content\/uploads\/2025\/09\/Cartel-web-gardias-25.jpg\"><img decoding=\"async\" src=\"\/wp-content\/uploads\/2025\/09\/Cartel-web-gardias-25.jpg\" alt=\"\"><\/a><\/p>\n<h3>Detalles<\/h3>\n<ul>\n<li>\n<h3>Autor\u00eda<\/h3>\n<div>\n<p>Nasser Djema\u00ef<\/p>\n<\/div>\n<\/li>\n<li>\n<h3>Direcci\u00f3n<\/h3>\n<div>\n<p>Cristina Dom\u00ednguez<\/p>\n<\/div>\n<\/li>\n<li>\n<h3>Duraci\u00f3n<\/h3>\n<div>\n<p>90 min<\/p>\n<\/div>\n<\/li>\n<li>\n<h3>Estreada<\/h3>\n<div>\n<p>Cangas, 9 novembro 2024<\/p>\n<\/div>\n<\/li>\n<\/ul>\n<h3>Elenco<\/h3>\n<ul>\n<li>\n<p>        <img decoding=\"async\" src=\"\/wp-content\/uploads\/2025\/01\/Sin-titulo-1_0003_Capa-2.jpg\" alt=\"Casilda Alfaro\"><\/p>\n<h4>Casilda Alfaro<\/h4>\n<\/li>\n<li>\n<p>        <img decoding=\"async\" src=\"\/wp-content\/uploads\/2025\/01\/Sin-titulo-1_0002_Capa-3.jpg\" alt=\"Melania Cruz\"><\/p>\n<h4>Melania Cruz<\/h4>\n<\/li>\n<li>\n<p>        <img decoding=\"async\" src=\"\/wp-content\/uploads\/2025\/09\/Pepa-Gardias.jpg\" alt=\"Amparo Mart\u00ednez\"><\/p>\n<h4>Pepa Barreiro<\/h4>\n<\/li>\n<li>\n<p>        <img decoding=\"async\" src=\"\/wp-content\/uploads\/2025\/01\/Sin-titulo-1_0004_Capa-1.jpg\" alt=\"Rebeca Montero\"><\/p>\n<h4>Rebeca Montero<\/h4>\n<\/li>\n<li>\n<p>        <img decoding=\"async\" src=\"\/wp-content\/uploads\/2025\/01\/Sin-titulo-1_0001_Capa-4.jpg\" alt=\"Sonia R\u00faa\"><\/p>\n<h4>Sonia R\u00faa<\/h4>\n<\/li>\n<\/ul>\n<h3>Equipo art\u00edstico e t\u00e9cnico<\/h3>\n<ul>\n<li>\n<h3>Traduci\u00f3n<\/h3>\n<div>\n<p>Henrique Harguindey<\/p>\n<\/div>\n<\/li>\n<li>\n<h3>Adaptaci\u00f3n<\/h3>\n<div>\n<p>Vanesa Sotelo<\/p>\n<\/div>\n<\/li>\n<li>\n<h3>Dese\u00f1o escenograf\u00eda e vestiario<\/h3>\n<div>\n<p>Carlos Alonso<\/p>\n<\/div>\n<\/li>\n<li>\n<h3>Dese\u00f1o gr\u00e1fico, fotograf\u00eda e v\u00eddeo<\/h3>\n<div>\n<p>Diego Seixo<\/p>\n<\/div>\n<\/li>\n<li>\n<h3>Espazo Sonoro<\/h3>\n<div>\n<p>H\u00e9ctor Pazos<\/p>\n<\/div>\n<\/li>\n<li>\n<h3>Dese\u00f1o Iluminaci\u00f3n<\/h3>\n<div>\n<p>H\u00e9ctor Pazos<br \/>Salvador del R\u00edo<\/p>\n<\/div>\n<\/li>\n<li>\n<h3>Direcci\u00f3n de produci\u00f3n<\/h3>\n<div>\n<p>Salvador del R\u00edo<\/p>\n<\/div>\n<\/li>\n<li>\n<h3>Contrataci\u00f3n:<\/h3>\n<div>\n<p>Lilian Portela<br \/>AMARELO Distribuci\u00f3n<br \/>+ 34 610 106 808<br \/><a href=\"mailto:lilian@amarelo.es\"><span>lilian@amarelo.es<\/span><\/a><\/p>\n<\/div>\n<\/li>\n<\/ul>\n<h3>Descargas<\/h3>\n<ul>\n<li>\n<p><a href=\"\/wp-content\/uploads\/2025\/09\/Dosier-As-Gardias.pdf\">Dosier As Gardi\u00e1s Galego<\/a><\/p>\n<\/li>\n<li>\n<p><a href=\"\/wp-content\/uploads\/2025\/09\/Dosier-LAS-GUARDIANAS.pdf\">Dosier Las Guardianas Castellano<\/a><\/p>\n<\/li>\n<li>\n<p><a href=\"\/wp-content\/uploads\/2025\/09\/Cartel-Gardias-A2.pdf\">Cartel As Gardi\u00e1s para Impresi\u00f3n (A2)<\/a><\/p>\n<\/li>\n<li>\n<p><a href=\"\/wp-content\/uploads\/2025\/09\/CARTEL-AS-GARDIAS-RRSS.png\">Cartel As Gardi\u00e1s para RRSS<\/a><\/p>\n<\/li>\n<\/ul>\n<h3>Prensa e opini\u00f3n<\/h3>\n<ul>\n<li>\n<p><a href=\"https:\/\/erreguete.gal\/2024\/11\/08\/teatro-de-ningures-estrea-en-cangas-as-gardias\/?fbclid=IwY2xjawIFhshleHRuA2FlbQIxMQABHbTfp1WjNSsPtL_lPnhpQvgHOaatgkpxgrTvI0DEGtNymewripi35VyXiw_aem_VWY3e3X9FKc4aqDrK7dhfg\"><\/p>\n<p itemprop=\"headline\">Teatro de Ningures estrea en Cangas \u2018As gardi\u00e1s\u2019 &#8211; erreguet\u00e9<\/p>\n<p><\/a><\/p>\n<\/li>\n<li>\n<p><a href=\"https:\/\/www.g24.gal\/-\/-cristina-dom\u00ednguez-as-gardias-fala-de-como-onde-e-con-quen-queremos-vivir-a-vellez-?doAsUserId=\"><\/p>\n<p>Cristina Dom\u00ednguez no ZigZag &#8211; TVG<\/p>\n<p><\/a><\/p>\n<\/li>\n<li>\n<p><a href=\"https:\/\/www.artezblai.com\/ningures-y-nasser-djemai-por-una-tercera-edad-en-plenitud\/\"><\/p>\n<p>Ningures y Nasser Djema\u00ef por una tercera edad en plenitud. Afonso Becerra en Artezblai<\/p>\n<p><\/a><\/p>\n<\/li>\n<li>\n<p><a href=\"https:\/\/www.g24.gal\/-\/-iria-sobrado-4?fbclid=IwY2xjawIFir5leHRuA2FlbQIxMQABHWU11dXAqtkWgDxlqfHrNxMi_9AOnGXtjFlPwUflAzB8hydBNnh2A6moEw_\">Iria Sobrado no ZigZag &#8211; TVG<\/a><\/p>\n<\/li>\n<\/ul>\n<h3>Calendario<\/h3>\n<p><!--more--><br \/>\n<!-- {\"type\":\"layout\",\"children\":[{\"type\":\"section\",\"props\":{\"animation\":\"fade\",\"header_transparent\":true,\"height\":\"viewport\",\"height_offset_top\":false,\"image\":\"wp-content\\\/uploads\\\/2025\\\/09\\\/Entrada-Web-Gardias-Ningures-2025.jpg\",\"image_position\":\"center-center\",\"image_size\":\"cover\",\"image_width\":\"2560\",\"padding\":\"large\",\"padding_remove_top\":false,\"sticky\":\"cover\",\"style\":\"default\",\"text_color\":\"light\",\"title_breakpoint\":\"xl\",\"title_position\":\"top-left\",\"title_rotation\":\"left\",\"vertical_align\":\"bottom\",\"width\":\"default\"},\"children\":[{\"type\":\"row\",\"props\":{\"width\":\"default\"},\"children\":[{\"type\":\"column\",\"props\":{\"image_position\":\"center-center\",\"position_sticky_breakpoint\":\"m\",\"width_medium\":\"1-1\"},\"children\":[{\"type\":\"headline\",\"props\":{\"content\":\"Teatro de ningures presenta\",\"link\":\"#\",\"margin\":\"remove-vertical\",\"title_element\":\"div\",\"title_style\":\"h5\"}},{\"type\":\"headline\",\"props\":{\"content\":\"As Gardi\\u00e1s\",\"margin\":\"small\",\"margin_remove_bottom\":true,\"title_element\":\"h1\",\"title_style\":\"heading-xlarge\"}},{\"type\":\"headline\",\"props\":{\"content\":\"\n\n<p>Ou o n\\u00f3 do tecel\\u00e1n, de Nasser Djema\\u00ef<\\\/p>\",\"link\":\"#\",\"margin\":\"remove-vertical\",\"title_element\":\"div\",\"title_style\":\"h2\"}},{\"type\":\"panel\",\"props\":{\"content_column_breakpoint\":\"m\",\"icon_width\":80,\"image\":\"wp-content\\\/uploads\\\/2025\\\/10\\\/logo-white.png\",\"image_align\":\"left\",\"image_grid_breakpoint\":\"\",\"image_grid_column_gap\":\"small\",\"image_grid_width\":\"auto\",\"image_svg_color\":\"emphasis\",\"image_vertical_align\":true,\"image_width\":50,\"link_style\":\"default\",\"link_text\":\"Read more\",\"margin\":\"default\",\"meta_align\":\"below-title\",\"meta_element\":\"div\",\"meta_style\":\"text-meta\",\"title\":\"PREMIO DA CR\\u00cdTICA DE GALICIA 2025\",\"title_align\":\"top\",\"title_element\":\"h4\",\"title_grid_breakpoint\":\"m\",\"title_grid_width\":\"1-2\",\"title_hover_style\":\"reset\"},\"name\":\"Premio\"},{\"type\":\"button\",\"props\":{\"button_size\":\"large\",\"grid_column_gap\":\"small\",\"grid_row_gap\":\"small\",\"margin\":\"default\",\"text_align\":\"center\"},\"children\":[{\"type\":\"button_item\",\"props\":{\"button_style\":\"default\",\"content\":\"M\\u00e1is informaci\\u00f3n\",\"dialog_layout\":\"modal\",\"dialog_offcanvas_flip\":true,\"icon\":\"arrow-down\",\"icon_align\":\"left\",\"link\":\"#episode\"}}]}]}]}],\"name\":\"Hero\"},{\"type\":\"section\",\"props\":{\"animation\":\"slide-left-small\",\"id\":\"episode\",\"image_position\":\"center-center\",\"style\":\"default\",\"title_breakpoint\":\"xl\",\"title_position\":\"top-left\",\"title_rotation\":\"left\",\"vertical_align\":\"\",\"width\":\"default\"},\"children\":[{\"type\":\"row\",\"props\":{\"column_gap\":\"large\",\"layout\":\"2-3,1-3\"},\"children\":[{\"type\":\"column\",\"props\":{\"image_position\":\"center-center\",\"position_sticky_breakpoint\":\"m\",\"width_medium\":\"2-3\"},\"children\":[{\"type\":\"text\",\"props\":{\"animation\":\"none\",\"column_breakpoint\":\"m\",\"content\":\"\n\n<blockquote>\\n\n\n<p>O humilde piso de Rosa, nun vello edificio no coraz\\u00f3n dun barrio popular dunha vila obreira, \\u00e9 o refuxio acolledor dunha tribo de catro mulleres maiores organizadas.<\\\/p>\\n<\\\/blockquote>\\n\n\n<p>Rosa (que se topa nunha cadeira de rodas) e as s\\u00faas compa\\u00f1eiras, Ana, Marga e Susana, son operarias xubiladas da industria t\\u00e9xtil, e est\\u00e1n decididas a preservar a s\\u00faa independencia. Cando a filla de Rosa, Vitoria, prop\\u00f3n trasladala a unha instituci\\u00f3n m\\u00e9dica e vender o apartamento, comeza unha loita entre d\\u00faas visi\\u00f3ns do ben envellecer. Enfrontadas \\u00e1s decisi\\u00f3ns de Vitoria, as vellas mulleres defenden o seu dereito a vivir xuntas e en liberdade e artellan unha serie de estratexias para convencer a Vitoria\\u00a0 de que a s\\u00faa \\u00e9 a postura mellor.<\\\/p>\\n\n\n<p>A peza, As gardi\\u00e1s, reflexiona sobre os coidados \\u00e1 vellez, contrastando o mundo das residencias protexidas co calor humano da familia e a comunidade. O autor, Nasser Djema\\u00ef, narra con sensibilidade a resistencia destas \\\"gardi\\u00e1s\\\" contra a\\u00a0 inclemente modernidade. A trav\\u00e9s das vivencias destas mulleres, a peza explora o desexo de vivir e a solidariedade comunitaria, e nos interpela a todas as persoas sobre como, onde e con quen queremos envellecer.<\\\/p>\\n\n\n<h3>As gardi\\u00e1s ou o dereito a decidir como xestionar a nosa vellez. Prop\\u00f3sito dunha posta en escena para a compa\\u00f1\\u00eda Teatro de Ningures.<\\\/h3>\\n\n\n<p>A posta en escena da obra de teatro \\\"As Gardi\\u00e1s\\\" des\\u00e9\\u00f1ase co firme prop\\u00f3sito de\\u00a0 explorar, m\\u00e1is tam\\u00e9n desafiar, as percepci\\u00f3ns sociais sobre a vellez e o dereito (ou m\\u00e1is ben a falta de dereitos)\\u00a0 das persoas maiores a xestionar as s\\u00faas vidas e a s\\u00faa autonom\\u00eda. A trav\\u00e9s do conflito entre a filla de Rosa, Vitoria,\\u00a0 e as catro habitantes do pequeno piso de Rosa, a peza do autor Nasser Djema\\u00ef ofr\\u00e9cenos a oportunidade de reflexionar sobre o valor da comunidade, a solidariedade e o desexo de vivir con dignidade. A posta en escena quere aproveitar temas como a relaci\\u00f3n interxeracional, a independencia, e a loita contra a certo poscapitalismo que, sen piedade, non reco\\u00f1ece o espazo e a voz das persoas maiores, releg\\u00e1ndoas \\u00e1 subsistencia en lugares onde non poden decidir o xeito de pasar os derradeiros anos da s\\u00faa vida.\\u00a0<\\\/p>\\n\n\n<p>Non \\u00e9 casualidade que unha compa\\u00f1\\u00eda como Teatro de Ningures propo\\u00f1a unha produci\\u00f3n como esta. Estamos a falar dunha compa\\u00f1\\u00eda asentada nunha comarca populosa, que sempre participou dos proxectos sociais e pol\\u00edticos da s\\u00faa contorna, activa en canto a levar a cabo proxectos educativos, art\\u00edsticos, festivais, etc, que dun xeito ou doutro, responden \\u00e1s necesidades sociais e culturais da veci\\u00f1anza da s\\u00faa comarca. Eles, aportan unha implicaci\\u00f3n no seu territorio que os fan estar en condici\\u00f3ns de formular as preguntas e procurar as respostas que a peza est\\u00e1 a propor, e coherencia coa traxectoria desenvolvida ao longo de d\\u00e9cadas.<\\\/p>\\n\n\n<p>Por iso esta posta en escena, seguindo o exemplo da Compa\\u00f1\\u00eda, quere ter en conta o local, a veci\\u00f1anza a quen vai dirixida, sabendo que est\\u00e1 a tratar un tema tan universal como \\u00e9 o envellecemento da poboaci\\u00f3n. Estamos diante de temas que resoan dun xeito comunitario e que poden crear un vinculo emocional importante entre ditos temas e o p\\u00fablico. Este \\u00e9 outro xeito de prestar servizo \\u00e1 comunidade, desde a cultura e sen darlle as costas ao que acontece no noso territorio, provocando conversas que mesmo poden axudar a procurar soluci\\u00f3ns, ou polo menos a favorecer un debate emerxendo un conflito cada vez m\\u00e1is presente na nosa sociedade.<\\\/p>\",\"dropcap\":false,\"margin\":\"default\"}},{\"type\":\"headline\",\"props\":{\"content\":\"Galer\\u00eda\",\"title_decoration\":\"line\",\"title_element\":\"h3\"}},{\"type\":\"slideshow\",\"props\":{\"blend\":false,\"image_height\":300,\"image_loading\":true,\"image_width\":400,\"link_style\":\"default\",\"link_text\":\"\",\"margin\":\"default\",\"meta_align\":\"below-title\",\"meta_element\":\"div\",\"meta_style\":\"text-meta\",\"nav\":\"dotnav\",\"nav_align\":\"center\",\"nav_below\":true,\"nav_breakpoint\":\"s\",\"nav_position\":\"bottom-center\",\"nav_position_margin\":\"medium\",\"overlay_animation\":\"parallax\",\"overlay_position\":\"center-left\",\"show_content\":true,\"show_link\":true,\"show_meta\":true,\"show_thumbnail\":true,\"show_title\":false,\"slidenav\":\"bottom-right\",\"slidenav_breakpoint\":\"s\",\"slidenav_margin\":\"medium\",\"slidenav_outside_breakpoint\":\"xl\",\"slideshow_autoplay\":true,\"slideshow_autoplay_interval\":\"5\",\"slideshow_autoplay_pause\":false,\"slideshow_min_height\":\"200\",\"slideshow_ratio\":\"4:3\",\"text_align\":\"center\",\"text_color\":\"light\",\"thumbnav_height\":\"75\",\"thumbnav_svg_color\":\"emphasis\",\"thumbnav_width\":\"100\",\"title_element\":\"h3\",\"title_hover_style\":\"reset\"},\"children\":[{\"type\":\"slideshow_item\",\"props\":{\"image\":\"wp-content\\\/uploads\\\/2025\\\/09\\\/Web-Gardias-Ningures-2025.jpg\",\"title\":\"Web-Gardias-Ningures-2025\"}},{\"type\":\"slideshow_item\",\"props\":{\"image\":\"wp-content\\\/uploads\\\/2025\\\/09\\\/Web-Gardias-Ningures-2025-2.jpg\",\"title\":\"Web-Gardias-Ningures-2025-2\"}},{\"type\":\"slideshow_item\",\"props\":{\"image\":\"wp-content\\\/uploads\\\/2025\\\/01\\\/web-gardias-ningures-36.jpg\",\"title\":\"web-gardias-ningures-8\"}},{\"type\":\"slideshow_item\",\"props\":{\"image\":\"wp-content\\\/uploads\\\/2025\\\/09\\\/Web-Gardias-Ningures-2025-3.jpg\",\"title\":\"Web-Gardias-Ningures-2025-3\"}},{\"type\":\"slideshow_item\",\"props\":{\"image\":\"wp-content\\\/uploads\\\/2025\\\/09\\\/Web-Gardias-Ningures-2025-8.jpg\",\"title\":\"Web-Gardias-Ningures-2025-8\"}},{\"type\":\"slideshow_item\",\"props\":{\"image\":\"wp-content\\\/uploads\\\/2025\\\/09\\\/Web-Gardias-Ningures-2025-17.jpg\",\"title\":\"Web-Gardias-Ningures-2025-17\"}},{\"type\":\"slideshow_item\",\"props\":{\"image\":\"wp-content\\\/uploads\\\/2025\\\/09\\\/Web-Gardias-Ningures-2025-18.jpg\",\"title\":\"Web-Gardias-Ningures-2025-18\"}},{\"type\":\"slideshow_item\",\"props\":{\"image\":\"wp-content\\\/uploads\\\/2025\\\/09\\\/Web-Gardias-Ningures-2025-19.jpg\",\"title\":\"Web-Gardias-Ningures-2025-19\"}},{\"type\":\"slideshow_item\",\"props\":{\"image\":\"wp-content\\\/uploads\\\/2025\\\/09\\\/Web-Gardias-Ningures-2025-21.jpg\",\"title\":\"Web-Gardias-Ningures-2025-21\"}},{\"type\":\"slideshow_item\",\"props\":{\"image\":\"wp-content\\\/uploads\\\/2025\\\/09\\\/Web-Gardias-Ningures-2025-30.jpg\",\"title\":\"Web-Gardias-Ningures-2025-30\"}},{\"type\":\"slideshow_item\",\"props\":{\"image\":\"wp-content\\\/uploads\\\/2025\\\/09\\\/Web-Gardias-Ningures-2025-22.jpg\",\"title\":\"Web-Gardias-Ningures-2025-22\"}},{\"type\":\"slideshow_item\",\"props\":{\"image\":\"wp-content\\\/uploads\\\/2025\\\/09\\\/Web-Gardias-Ningures-2025-46.jpg\",\"title\":\"Web-Gardias-Ningures-2025-46\"}},{\"type\":\"slideshow_item\",\"props\":{\"image\":\"wp-content\\\/uploads\\\/2025\\\/09\\\/Web-Gardias-Ningures-2025-45.jpg\",\"title\":\"Web-Gardias-Ningures-2025-45\"}},{\"type\":\"slideshow_item\",\"props\":{\"image\":\"wp-content\\\/uploads\\\/2025\\\/09\\\/Web-Gardias-Ningures-2025-39.jpg\",\"title\":\"Web-Gardias-Ningures-2025-39\"}},{\"type\":\"slideshow_item\",\"props\":{\"image\":\"wp-content\\\/uploads\\\/2025\\\/09\\\/Web-Gardias-Ningures-2025-40.jpg\",\"title\":\"Web-Gardias-Ningures-2025-40\"}}]},{\"type\":\"headline\",\"props\":{\"content\":\"Tr\\u00e1iler\",\"title_decoration\":\"line\",\"title_element\":\"h3\"}},{\"type\":\"video\",\"props\":{\"margin\":\"default\",\"video\":\"https:\\\/\\\/youtu.be\\\/m4Vo2K6slTM\",\"video_controls\":true,\"video_title\":\"As gardi\\u00e1s ou o n\\u00f3 do tecel\\u00e1n\",\"video_width\":1920}}]},{\"type\":\"column\",\"props\":{\"image_position\":\"center-center\",\"position_sticky_breakpoint\":\"m\",\"width_medium\":\"1-3\"},\"children\":[{\"type\":\"divider\",\"props\":{\"animation\":\"none\",\"divider_element\":\"hr\",\"visibility\":\"hidden-s\"}},{\"type\":\"image\",\"props\":{\"image\":\"wp-content\\\/uploads\\\/2025\\\/09\\\/Cartel-web-gardias-25.jpg\",\"image_svg_color\":\"emphasis\",\"lightbox_height\":\"1000\",\"link\":\"wp-content\\\/uploads\\\/2025\\\/09\\\/Cartel-web-gardias-25.jpg\",\"link_target\":\"modal\",\"margin\":\"default\",\"margin_remove_top\":true}},{\"type\":\"headline\",\"props\":{\"content\":\"Detalles\",\"title_decoration\":\"line\",\"title_element\":\"h3\"}},{\"type\":\"description_list\",\"props\":{\"column_breakpoint\":\"m\",\"content_style\":\"h6\",\"layout\":\"grid-2\",\"list_element\":\"ul\",\"meta_align\":\"below-content\",\"meta_style\":\"text-meta\",\"show_content\":true,\"show_link\":true,\"show_meta\":true,\"show_title\":true,\"title_colon\":true,\"title_color\":\"primary\",\"title_element\":\"h3\",\"title_grid_breakpoint\":\"m\",\"title_grid_column_gap\":\"small\",\"title_grid_row_gap\":\"collapse\",\"title_grid_width\":\"small\",\"title_style\":\"h6\"},\"children\":[{\"type\":\"description_list_item\",\"props\":{\"content\":\"\n\n<p>Nasser Djema\\u00ef<\\\/p>\",\"title\":\"Autor\\u00eda\"}},{\"type\":\"description_list_item\",\"props\":{\"content\":\"\n\n<p>Cristina Dom\\u00ednguez<\\\/p>\",\"title\":\"Direcci\\u00f3n\"}},{\"type\":\"description_list_item\",\"props\":{\"content\":\"\n\n<p>90 min<\\\/p>\",\"title\":\"Duraci\\u00f3n\"}},{\"type\":\"description_list_item\",\"props\":{\"content\":\"\n\n<p>Cangas, 9 novembro 2024<\\\/p>\",\"title\":\"Estreada\"}}]},{\"type\":\"headline\",\"props\":{\"content\":\"Elenco\",\"title_decoration\":\"line\",\"title_element\":\"h3\"}},{\"type\":\"grid\",\"props\":{\"content_column_breakpoint\":\"m\",\"filter_align\":\"left\",\"filter_all\":true,\"filter_grid_breakpoint\":\"m\",\"filter_grid_width\":\"auto\",\"filter_position\":\"top\",\"filter_style\":\"tab\",\"grid_column_gap\":\"small\",\"grid_default\":\"2\",\"grid_medium\":\"\",\"grid_row_gap\":\"small\",\"icon_width\":80,\"image_align\":\"top\",\"image_border\":\"circle\",\"image_grid_breakpoint\":\"m\",\"image_grid_width\":\"1-2\",\"image_svg_color\":\"emphasis\",\"item_animation\":true,\"lightbox_bg_close\":true,\"link_style\":\"default\",\"link_text\":\"Read more\",\"margin\":\"default\",\"meta_align\":\"below-title\",\"meta_element\":\"div\",\"meta_style\":\"text-meta\",\"parallax_easing\":\"1\",\"show_content\":true,\"show_hover_image\":true,\"show_hover_video\":true,\"show_image\":true,\"show_link\":true,\"show_meta\":true,\"show_title\":true,\"show_video\":true,\"text_align\":\"center\",\"title_align\":\"top\",\"title_element\":\"h4\",\"title_grid_breakpoint\":\"m\",\"title_grid_width\":\"1-2\",\"title_hover_style\":\"reset\",\"title_margin\":\"small\",\"title_style\":\"h6\"},\"children\":[{\"type\":\"grid_item\",\"props\":{\"image\":\"wp-content\\\/uploads\\\/2025\\\/01\\\/Sin-titulo-1_0003_Capa-2.jpg\",\"image_alt\":\"Casilda Alfaro\",\"title\":\"Casilda Alfaro\"}},{\"type\":\"grid_item\",\"props\":{\"image\":\"wp-content\\\/uploads\\\/2025\\\/01\\\/Sin-titulo-1_0002_Capa-3.jpg\",\"image_alt\":\"Melania Cruz\",\"title\":\"Melania Cruz\"}},{\"type\":\"grid_item\",\"props\":{\"image\":\"wp-content\\\/uploads\\\/2025\\\/09\\\/Pepa-Gardias.jpg\",\"image_alt\":\"Amparo Mart\\u00ednez\",\"title\":\"Pepa Barreiro\"}},{\"type\":\"grid_item\",\"props\":{\"image\":\"wp-content\\\/uploads\\\/2025\\\/01\\\/Sin-titulo-1_0004_Capa-1.jpg\",\"image_alt\":\"Rebeca Montero\",\"title\":\"Rebeca Montero\"}},{\"type\":\"grid_item\",\"props\":{\"image\":\"wp-content\\\/uploads\\\/2025\\\/01\\\/Sin-titulo-1_0001_Capa-4.jpg\",\"image_alt\":\"Sonia R\\u00faa\",\"title\":\"Sonia R\\u00faa\"}}]},{\"type\":\"headline\",\"props\":{\"content\":\"Equipo art\\u00edstico e t\\u00e9cnico\",\"title_decoration\":\"line\",\"title_element\":\"h3\"}},{\"type\":\"description_list\",\"props\":{\"column_breakpoint\":\"m\",\"content_style\":\"h6\",\"layout\":\"grid-2\",\"list_element\":\"ul\",\"meta_align\":\"below-content\",\"meta_style\":\"text-meta\",\"show_content\":true,\"show_link\":true,\"show_meta\":true,\"show_title\":true,\"title_colon\":true,\"title_color\":\"primary\",\"title_element\":\"h3\",\"title_grid_breakpoint\":\"m\",\"title_grid_column_gap\":\"small\",\"title_grid_row_gap\":\"collapse\",\"title_grid_width\":\"small\",\"title_style\":\"h6\"},\"children\":[{\"type\":\"description_list_item\",\"props\":{\"content\":\"\n\n<p>Henrique Harguindey<\\\/p>\",\"title\":\"Traduci\\u00f3n\"}},{\"type\":\"description_list_item\",\"props\":{\"content\":\"\n\n<p>Vanesa Sotelo<\\\/p>\",\"title\":\"Adaptaci\\u00f3n\"}},{\"type\":\"description_list_item\",\"props\":{\"content\":\"\n\n<p>Carlos Alonso<\\\/p>\",\"title\":\"Dese\\u00f1o escenograf\\u00eda e vestiario\"}},{\"type\":\"description_list_item\",\"props\":{\"content\":\"\n\n<p>Diego Seixo<\\\/p>\",\"title\":\"Dese\\u00f1o gr\\u00e1fico, fotograf\\u00eda e v\\u00eddeo\"}},{\"type\":\"description_list_item\",\"props\":{\"content\":\"\n\n<p>H\\u00e9ctor Pazos<\\\/p>\",\"title\":\"Espazo Sonoro\"}},{\"type\":\"description_list_item\",\"props\":{\"content\":\"\n\n<p>H\\u00e9ctor Pazos<br \\\/>Salvador del R\\u00edo<\\\/p>\",\"title\":\"Dese\\u00f1o Iluminaci\\u00f3n\"}},{\"type\":\"description_list_item\",\"props\":{\"content\":\"\n\n<p>Salvador del R\\u00edo<\\\/p>\",\"title\":\"Direcci\\u00f3n de produci\\u00f3n\"}},{\"type\":\"description_list_item\",\"props\":{\"content\":\"\n\n<p>Lilian Portela<br \\\/>AMARELO Distribuci\\u00f3n<br \\\/>+ 34 610 106 808<br \\\/><a href=\\\"mailto:lilian@amarelo.es\\\"><span>lilian@amarelo.es<\\\/span><\\\/a><\\\/p>\",\"title\":\"Contrataci\\u00f3n:\"}}]},{\"type\":\"headline\",\"props\":{\"content\":\"Descargas\",\"title_decoration\":\"line\",\"title_element\":\"h3\"}},{\"type\":\"list\",\"props\":{\"column_breakpoint\":\"m\",\"content_style\":\"h6\",\"html_element\":true,\"icon\":\"cloud-download\",\"image_align\":\"left\",\"image_loading\":true,\"image_svg_color\":\"emphasis\",\"image_vertical_align\":true,\"list_element\":\"ul\",\"list_horizontal_separator\":\", \",\"list_size\":\"collapse\",\"list_type\":\"vertical\",\"show_image\":true,\"show_link\":true},\"children\":[{\"type\":\"list_item\",\"props\":{\"content\":\"Dosier As Gardi\\u00e1s Galego\",\"icon\":\"\",\"link\":\"wp-content\\\/uploads\\\/2025\\\/09\\\/Dosier-As-Gardias.pdf\",\"link_target\":true}},{\"type\":\"list_item\",\"props\":{\"content\":\"Dosier Las Guardianas Castellano\",\"icon\":\"\",\"link\":\"wp-content\\\/uploads\\\/2025\\\/09\\\/Dosier-LAS-GUARDIANAS.pdf\",\"link_target\":true}},{\"type\":\"list_item\",\"props\":{\"content\":\"Cartel As Gardi\\u00e1s para Impresi\\u00f3n (A2)\",\"link\":\"wp-content\\\/uploads\\\/2025\\\/09\\\/Cartel-Gardias-A2.pdf\",\"link_target\":true}},{\"type\":\"list_item\",\"props\":{\"content\":\"Cartel As Gardi\\u00e1s para RRSS\",\"image\":\"\",\"link\":\"wp-content\\\/uploads\\\/2025\\\/09\\\/CARTEL-AS-GARDIAS-RRSS.png\",\"link_target\":true}}]},{\"type\":\"headline\",\"props\":{\"content\":\"Prensa e opini\\u00f3n\",\"title_decoration\":\"line\",\"title_element\":\"h3\"}},{\"type\":\"list\",\"props\":{\"column_breakpoint\":\"m\",\"content_style\":\"h6\",\"html_element\":true,\"icon\":\"quote-right\",\"image_align\":\"left\",\"image_loading\":true,\"image_svg_color\":\"emphasis\",\"image_vertical_align\":true,\"list_element\":\"ul\",\"list_horizontal_separator\":\", \",\"list_type\":\"vertical\",\"show_image\":true,\"show_link\":true},\"children\":[{\"type\":\"list_item\",\"props\":{\"content\":\"\n\n<p itemprop=\\\"headline\\\">Teatro de Ningures estrea en Cangas \\u2018As gardi\\u00e1s\\u2019 - erreguet\\u00e9<\\\/p>\",\"icon\":\"\",\"link\":\"https:\\\/\\\/erreguete.gal\\\/2024\\\/11\\\/08\\\/teatro-de-ningures-estrea-en-cangas-as-gardias\\\/?fbclid=IwY2xjawIFhshleHRuA2FlbQIxMQABHbTfp1WjNSsPtL_lPnhpQvgHOaatgkpxgrTvI0DEGtNymewripi35VyXiw_aem_VWY3e3X9FKc4aqDrK7dhfg\",\"link_target\":true}},{\"type\":\"list_item\",\"props\":{\"content\":\"\n\n<p>Cristina Dom\\u00ednguez no ZigZag - TVG<\\\/p>\",\"link\":\"https:\\\/\\\/www.g24.gal\\\/-\\\/-cristina-dom\\u00ednguez-as-gardias-fala-de-como-onde-e-con-quen-queremos-vivir-a-vellez-?doAsUserId=\",\"link_target\":true}},{\"type\":\"list_item\",\"props\":{\"content\":\"\n\n<p>Ningures y Nasser Djema\\u00ef por una tercera edad en plenitud. Afonso Becerra en Artezblai<\\\/p>\",\"link\":\"https:\\\/\\\/www.artezblai.com\\\/ningures-y-nasser-djemai-por-una-tercera-edad-en-plenitud\\\/\",\"link_target\":true}},{\"type\":\"list_item\",\"props\":{\"content\":\"Iria Sobrado no ZigZag - TVG\",\"link\":\"https:\\\/\\\/www.g24.gal\\\/-\\\/-iria-sobrado-4?fbclid=IwY2xjawIFir5leHRuA2FlbQIxMQABHWU11dXAqtkWgDxlqfHrNxMi_9AOnGXtjFlPwUflAzB8hydBNnh2A6moEw_\",\"link_target\":true}}]},{\"type\":\"headline\",\"props\":{\"content\":\"Calendario\",\"title_decoration\":\"line\",\"title_element\":\"h3\"}},{\"type\":\"module\",\"props\":{\"menu_image_align\":\"center\",\"menu_image_margin\":true,\"menu_style\":\"default\",\"menu_type\":\"nav\",\"type\":\"tribe-widget-events-list\",\"widget\":\"tribe-widget-events-list-3\"}}]}]}],\"name\":\"Episode\"}],\"version\":\"4.5.31\"} --><\/p>\n","protected":false},"excerpt":{"rendered":"<p>Teatro de ningures presenta As Gardi\u00e1s Ou o n\u00f3 do tecel\u00e1n, de Nasser Djema\u00ef PREMIO DA CR\u00cdTICA DE GALICIA 2025 M\u00e1is informaci\u00f3n O humilde piso de Rosa, nun vello edificio [&hellip;]<\/p>\n","protected":false},"author":1,"featured_media":2089,"parent":0,"menu_order":0,"comment_status":"closed","ping_status":"closed","template":"","meta":{"footnotes":""},"class_list":["post-1733","page","type-page","status-publish","has-post-thumbnail","hentry"],"yoast_head":"<!-- This site is optimized with the Yoast SEO plugin v27.2 - https:\/\/yoast.com\/product\/yoast-seo-wordpress\/ -->\n<title>As Gardi\u00e1s - Teatro de Ningures<\/title>\n<meta name=\"description\" content=\"O piso de Rosa, nun vello edificio no coraz\u00f3n dun barrio dunha vila obreira \u00e9 o refuxio acolledor de catro mulleres maiores organizadas\" \/>\n<meta name=\"robots\" content=\"index, follow, max-snippet:-1, max-image-preview:large, max-video-preview:-1\" \/>\n<link rel=\"canonical\" href=\"https:\/\/teatrodeningures.gal\/gl\/as-gardias\/\" \/>\n<meta property=\"og:locale\" content=\"gl_ES\" \/>\n<meta property=\"og:type\" content=\"article\" \/>\n<meta property=\"og:title\" content=\"Teatro de ningures presenta As Gardi\u00e1s\" \/>\n<meta property=\"og:description\" content=\"O humilde piso de Rosa, nun vello edificio no coraz\u00f3n dun barrio popular dunha vila obreira, \u00e9 o refuxio acolledor dunha tribo de catro mulleres maiores organizadas.\" \/>\n<meta property=\"og:url\" content=\"https:\/\/teatrodeningures.gal\/gl\/as-gardias\/\" \/>\n<meta property=\"og:site_name\" content=\"Teatro de Ningures\" \/>\n<meta property=\"article:publisher\" content=\"https:\/\/www.facebook.com\/teatro.de.ningures\" \/>\n<meta property=\"article:modified_time\" content=\"2025-10-19T08:54:44+00:00\" \/>\n<meta property=\"og:image\" content=\"https:\/\/teatrodeningures.gal\/wp-content\/uploads\/2025\/01\/CARTEL-AS-GARDIAS-web.jpg\" \/>\n\t<meta property=\"og:image:width\" content=\"905\" \/>\n\t<meta property=\"og:image:height\" content=\"1280\" \/>\n\t<meta property=\"og:image:type\" content=\"image\/jpeg\" \/>\n<meta name=\"twitter:card\" content=\"summary_large_image\" \/>\n<meta name=\"twitter:title\" content=\"Teatro de ningures presenta As Gardi\u00e1s\" \/>\n<meta name=\"twitter:description\" content=\"O humilde piso de Rosa, nun vello edificio no coraz\u00f3n dun barrio popular dunha vila obreira, \u00e9 o refuxio acolledor dunha tribo de catro mulleres maiores organizadas.\" \/>\n<meta name=\"twitter:image\" content=\"https:\/\/teatrodeningures.gal\/wp-content\/uploads\/2025\/01\/CARTEL-AS-GARDIAS-web.jpg\" \/>\n<meta name=\"twitter:label1\" content=\"Tempo de lectura\" \/>\n\t<meta name=\"twitter:data1\" content=\"9 minutos\" \/>\n<script type=\"application\/ld+json\" class=\"yoast-schema-graph\">{\"@context\":\"https:\/\/schema.org\",\"@graph\":[{\"@type\":\"WebPage\",\"@id\":\"https:\/\/teatrodeningures.gal\/gl\/as-gardias\/\",\"url\":\"https:\/\/teatrodeningures.gal\/gl\/as-gardias\/\",\"name\":\"As Gardi\u00e1s - Teatro de Ningures\",\"isPartOf\":{\"@id\":\"https:\/\/teatrodeningures.gal\/gl\/#website\"},\"primaryImageOfPage\":{\"@id\":\"https:\/\/teatrodeningures.gal\/gl\/as-gardias\/#primaryimage\"},\"image\":{\"@id\":\"https:\/\/teatrodeningures.gal\/gl\/as-gardias\/#primaryimage\"},\"thumbnailUrl\":\"https:\/\/teatrodeningures.gal\/wp-content\/uploads\/2025\/09\/Cartel-web-gardias-25.jpg\",\"datePublished\":\"2025-01-27T19:43:16+00:00\",\"dateModified\":\"2025-10-19T08:54:44+00:00\",\"description\":\"O piso de Rosa, nun vello edificio no coraz\u00f3n dun barrio dunha vila obreira \u00e9 o refuxio acolledor de catro mulleres maiores organizadas\",\"breadcrumb\":{\"@id\":\"https:\/\/teatrodeningures.gal\/gl\/as-gardias\/#breadcrumb\"},\"inLanguage\":\"gl-ES\",\"potentialAction\":[{\"@type\":\"ReadAction\",\"target\":[\"https:\/\/teatrodeningures.gal\/gl\/as-gardias\/\"]}]},{\"@type\":\"ImageObject\",\"inLanguage\":\"gl-ES\",\"@id\":\"https:\/\/teatrodeningures.gal\/gl\/as-gardias\/#primaryimage\",\"url\":\"https:\/\/teatrodeningures.gal\/wp-content\/uploads\/2025\/09\/Cartel-web-gardias-25.jpg\",\"contentUrl\":\"https:\/\/teatrodeningures.gal\/wp-content\/uploads\/2025\/09\/Cartel-web-gardias-25.jpg\",\"width\":905,\"height\":1280},{\"@type\":\"BreadcrumbList\",\"@id\":\"https:\/\/teatrodeningures.gal\/gl\/as-gardias\/#breadcrumb\",\"itemListElement\":[{\"@type\":\"ListItem\",\"position\":1,\"name\":\"Portada\",\"item\":\"https:\/\/teatrodeningures.gal\/gl\/\"},{\"@type\":\"ListItem\",\"position\":2,\"name\":\"As Gardi\u00e1s\"}]},{\"@type\":\"WebSite\",\"@id\":\"https:\/\/teatrodeningures.gal\/gl\/#website\",\"url\":\"https:\/\/teatrodeningures.gal\/gl\/\",\"name\":\"Teatro de Ningures\",\"description\":\"Teatro de Ningures\",\"publisher\":{\"@id\":\"https:\/\/teatrodeningures.gal\/gl\/#organization\"},\"potentialAction\":[{\"@type\":\"SearchAction\",\"target\":{\"@type\":\"EntryPoint\",\"urlTemplate\":\"https:\/\/teatrodeningures.gal\/gl\/?s={search_term_string}\"},\"query-input\":{\"@type\":\"PropertyValueSpecification\",\"valueRequired\":true,\"valueName\":\"search_term_string\"}}],\"inLanguage\":\"gl-ES\"},{\"@type\":\"Organization\",\"@id\":\"https:\/\/teatrodeningures.gal\/gl\/#organization\",\"name\":\"Teatro de Ningures\",\"url\":\"https:\/\/teatrodeningures.gal\/gl\/\",\"logo\":{\"@type\":\"ImageObject\",\"inLanguage\":\"gl-ES\",\"@id\":\"https:\/\/teatrodeningures.gal\/gl\/#\/schema\/logo\/image\/\",\"url\":\"https:\/\/teatrodeningures.gal\/wp-content\/uploads\/2024\/10\/favicon.svg\",\"contentUrl\":\"https:\/\/teatrodeningures.gal\/wp-content\/uploads\/2024\/10\/favicon.svg\",\"width\":1,\"height\":1,\"caption\":\"Teatro de Ningures\"},\"image\":{\"@id\":\"https:\/\/teatrodeningures.gal\/gl\/#\/schema\/logo\/image\/\"},\"sameAs\":[\"https:\/\/www.facebook.com\/teatro.de.ningures\",\"https:\/\/www.instagram.com\/teatrodeningures\/\"]}]}<\/script>\n<!-- \/ Yoast SEO plugin. -->","yoast_head_json":{"title":"As Gardi\u00e1s - Teatro de Ningures","description":"O piso de Rosa, nun vello edificio no coraz\u00f3n dun barrio dunha vila obreira \u00e9 o refuxio acolledor de catro mulleres maiores organizadas","robots":{"index":"index","follow":"follow","max-snippet":"max-snippet:-1","max-image-preview":"max-image-preview:large","max-video-preview":"max-video-preview:-1"},"canonical":"https:\/\/teatrodeningures.gal\/gl\/as-gardias\/","og_locale":"gl_ES","og_type":"article","og_title":"Teatro de ningures presenta As Gardi\u00e1s","og_description":"O humilde piso de Rosa, nun vello edificio no coraz\u00f3n dun barrio popular dunha vila obreira, \u00e9 o refuxio acolledor dunha tribo de catro mulleres maiores organizadas.","og_url":"https:\/\/teatrodeningures.gal\/gl\/as-gardias\/","og_site_name":"Teatro de Ningures","article_publisher":"https:\/\/www.facebook.com\/teatro.de.ningures","article_modified_time":"2025-10-19T08:54:44+00:00","og_image":[{"width":905,"height":1280,"url":"https:\/\/teatrodeningures.gal\/wp-content\/uploads\/2025\/01\/CARTEL-AS-GARDIAS-web.jpg","type":"image\/jpeg"}],"twitter_card":"summary_large_image","twitter_title":"Teatro de ningures presenta As Gardi\u00e1s","twitter_description":"O humilde piso de Rosa, nun vello edificio no coraz\u00f3n dun barrio popular dunha vila obreira, \u00e9 o refuxio acolledor dunha tribo de catro mulleres maiores organizadas.","twitter_image":"https:\/\/teatrodeningures.gal\/wp-content\/uploads\/2025\/01\/CARTEL-AS-GARDIAS-web.jpg","twitter_misc":{"Tempo de lectura":"9 minutos"},"schema":{"@context":"https:\/\/schema.org","@graph":[{"@type":"WebPage","@id":"https:\/\/teatrodeningures.gal\/gl\/as-gardias\/","url":"https:\/\/teatrodeningures.gal\/gl\/as-gardias\/","name":"As Gardi\u00e1s - Teatro de Ningures","isPartOf":{"@id":"https:\/\/teatrodeningures.gal\/gl\/#website"},"primaryImageOfPage":{"@id":"https:\/\/teatrodeningures.gal\/gl\/as-gardias\/#primaryimage"},"image":{"@id":"https:\/\/teatrodeningures.gal\/gl\/as-gardias\/#primaryimage"},"thumbnailUrl":"https:\/\/teatrodeningures.gal\/wp-content\/uploads\/2025\/09\/Cartel-web-gardias-25.jpg","datePublished":"2025-01-27T19:43:16+00:00","dateModified":"2025-10-19T08:54:44+00:00","description":"O piso de Rosa, nun vello edificio no coraz\u00f3n dun barrio dunha vila obreira \u00e9 o refuxio acolledor de catro mulleres maiores organizadas","breadcrumb":{"@id":"https:\/\/teatrodeningures.gal\/gl\/as-gardias\/#breadcrumb"},"inLanguage":"gl-ES","potentialAction":[{"@type":"ReadAction","target":["https:\/\/teatrodeningures.gal\/gl\/as-gardias\/"]}]},{"@type":"ImageObject","inLanguage":"gl-ES","@id":"https:\/\/teatrodeningures.gal\/gl\/as-gardias\/#primaryimage","url":"https:\/\/teatrodeningures.gal\/wp-content\/uploads\/2025\/09\/Cartel-web-gardias-25.jpg","contentUrl":"https:\/\/teatrodeningures.gal\/wp-content\/uploads\/2025\/09\/Cartel-web-gardias-25.jpg","width":905,"height":1280},{"@type":"BreadcrumbList","@id":"https:\/\/teatrodeningures.gal\/gl\/as-gardias\/#breadcrumb","itemListElement":[{"@type":"ListItem","position":1,"name":"Portada","item":"https:\/\/teatrodeningures.gal\/gl\/"},{"@type":"ListItem","position":2,"name":"As Gardi\u00e1s"}]},{"@type":"WebSite","@id":"https:\/\/teatrodeningures.gal\/gl\/#website","url":"https:\/\/teatrodeningures.gal\/gl\/","name":"Teatro de Ningures","description":"Teatro de Ningures","publisher":{"@id":"https:\/\/teatrodeningures.gal\/gl\/#organization"},"potentialAction":[{"@type":"SearchAction","target":{"@type":"EntryPoint","urlTemplate":"https:\/\/teatrodeningures.gal\/gl\/?s={search_term_string}"},"query-input":{"@type":"PropertyValueSpecification","valueRequired":true,"valueName":"search_term_string"}}],"inLanguage":"gl-ES"},{"@type":"Organization","@id":"https:\/\/teatrodeningures.gal\/gl\/#organization","name":"Teatro de Ningures","url":"https:\/\/teatrodeningures.gal\/gl\/","logo":{"@type":"ImageObject","inLanguage":"gl-ES","@id":"https:\/\/teatrodeningures.gal\/gl\/#\/schema\/logo\/image\/","url":"https:\/\/teatrodeningures.gal\/wp-content\/uploads\/2024\/10\/favicon.svg","contentUrl":"https:\/\/teatrodeningures.gal\/wp-content\/uploads\/2024\/10\/favicon.svg","width":1,"height":1,"caption":"Teatro de Ningures"},"image":{"@id":"https:\/\/teatrodeningures.gal\/gl\/#\/schema\/logo\/image\/"},"sameAs":["https:\/\/www.facebook.com\/teatro.de.ningures","https:\/\/www.instagram.com\/teatrodeningures\/"]}]}},"_links":{"self":[{"href":"https:\/\/teatrodeningures.gal\/gl\/wp-json\/wp\/v2\/pages\/1733","targetHints":{"allow":["GET"]}}],"collection":[{"href":"https:\/\/teatrodeningures.gal\/gl\/wp-json\/wp\/v2\/pages"}],"about":[{"href":"https:\/\/teatrodeningures.gal\/gl\/wp-json\/wp\/v2\/types\/page"}],"author":[{"embeddable":true,"href":"https:\/\/teatrodeningures.gal\/gl\/wp-json\/wp\/v2\/users\/1"}],"replies":[{"embeddable":true,"href":"https:\/\/teatrodeningures.gal\/gl\/wp-json\/wp\/v2\/comments?post=1733"}],"version-history":[{"count":69,"href":"https:\/\/teatrodeningures.gal\/gl\/wp-json\/wp\/v2\/pages\/1733\/revisions"}],"predecessor-version":[{"id":2624,"href":"https:\/\/teatrodeningures.gal\/gl\/wp-json\/wp\/v2\/pages\/1733\/revisions\/2624"}],"wp:featuredmedia":[{"embeddable":true,"href":"https:\/\/teatrodeningures.gal\/gl\/wp-json\/wp\/v2\/media\/2089"}],"wp:attachment":[{"href":"https:\/\/teatrodeningures.gal\/gl\/wp-json\/wp\/v2\/media?parent=1733"}],"curies":[{"name":"wp","href":"https:\/\/api.w.org\/{rel}","templated":true}]}}