{"id":2694,"date":"2025-10-25T11:36:20","date_gmt":"2025-10-25T09:36:20","guid":{"rendered":"https:\/\/teatrodeningures.gal\/?page_id=2694"},"modified":"2025-10-26T12:19:22","modified_gmt":"2025-10-26T11:19:22","slug":"historial","status":"publish","type":"page","link":"https:\/\/teatrodeningures.gal\/gl\/historial\/","title":{"rendered":"Historial"},"content":{"rendered":"<h1>Espect\u00e1culos de Ningures<\/h1>\n<h1>Espect\u00e1culos de Ningures<\/h1>\n<div>\n<h4>2017-2025. A DEFENSA DA VILA, MAR\u00cdA SOLI\u00d1A<\/h4>\n<ul>\n<li>Textos de Xos\u00e9 Manuel Pazos, Celso Emilio Ferreiro e apuntes hist\u00f3ricos<\/li>\n<li>Direcci\u00f3n: Casilda Alfaro e Salvador del R\u00edo<\/li>\n<\/ul>\n<h4>2024. AS GARDI\u00c1S OU O N\u00d3 DO TECEL\u00c1N<\/h4>\n<ul>\n<li>De Nasser Djemai<\/li>\n<li>Direcci\u00f3n: Cristina Dom\u00ednguez<\/li>\n<\/ul>\n<h4>2020. O MONTE DAS ARAS<\/h4>\n<ul>\n<li>A partir da idea orixinal de Lois Soaxe<\/li>\n<li>Escrito por Santiago Cortegoso<\/li>\n<li>Direcci\u00f3n: Salvador del R\u00edo<\/li>\n<\/ul>\n<h4>2015. UNHAS POUCAS PICADELAS<\/h4>\n<ul>\n<li>De Laila Ripoll<\/li>\n<li>Direcci\u00f3n: Etelvino V\u00e1zquez<\/li>\n<\/ul>\n<h4>2014. O OGROCHO<\/h4>\n<ul>\n<li>De Suizanne Lebeau.<\/li>\n<li>Direcci\u00f3n: Salvador del R\u00edo<\/li>\n<\/ul>\n<h4>2012. PEGADAS<\/h4>\n<ul>\n<li>AAVV<\/li>\n<li>Direcci\u00f3n: Etelvino V\u00e1zquez<\/li>\n<\/ul>\n<h4>2011. 0,7% MOLOTOV<\/h4>\n<ul>\n<li>De Santiago Cortegoso<\/li>\n<li>Direcci\u00f3n: Santiago Cortegoso<\/li>\n<\/ul>\n<h4>2011. HOMES MULLERES: O PARA\u00cdSO TERREAL<\/h4>\n<ul>\n<li>Escrita por Mar\u00eda Armesto, Paula Carballeira e Santiago Cortegoso<\/li>\n<li>Dirixida por Etelvino V\u00e1zquez<\/li>\n<\/ul>\n<h4>2009. OS C\u00d3MICOS DELL&#8217;AUTO<\/h4>\n<ul>\n<li>De Santiago Cortegoso<\/li>\n<li>Direcci\u00f3n colectiva<\/li>\n<\/ul>\n<h4>2009. MAR\u00cdA SOLI\u00d1A. DESEMBARCO DOS TURCOS<\/h4>\n<ul>\n<li>Textos de Xos\u00e9 Manuel Pazos, Celso Emilio Ferreiro e apuntes hist\u00f3ricos<\/li>\n<li>Direcci\u00f3n: Casilda Alfaro e Pepa Barreiro<\/li>\n<\/ul>\n<h4>2009. \u00d1AQUE OU DE PIOLLOS E ACTORES<\/h4>\n<ul>\n<li>De Sanchis Sinisterra<\/li>\n<li>Direcci\u00f3n: Salvador del R\u00edo<\/li>\n<\/ul>\n<h4>2009. ATRA BILE<\/h4>\n<ul>\n<li>De Laila Ripoll<\/li>\n<li>Direcci\u00f3n: Etelvino V\u00e1zquez<\/li>\n<\/ul>\n<h4>2008. BAILADELA DA MORTE DITOSA<\/h4>\n<ul>\n<li>De Roberto Vidal Bola\u00f1o<\/li>\n<li>Direcci\u00f3n: Etelvino V\u00e1zquez<\/li>\n<\/ul>\n<h4>2007. EMIGRADOS<\/h4>\n<ul>\n<li>Textos de Anxos Sumai, Sonia Torre, \u00a0Suso de Toro, Xos\u00e9 manuel Pazos e C\u00e1ndido Paz\u00f3<\/li>\n<li>Direcci\u00f3n: Etelvino V\u00e1zquez<\/li>\n<\/ul>\n<h4>2006. MISERICORDIA<\/h4>\n<ul>\n<li>De Benito P\u00e9rez Gald\u00f3s<\/li>\n<li>Direcci\u00f3n: Etelvino V\u00e1zquez<\/li>\n<\/ul>\n<h4>2005. TARTUFO<\/h4>\n<ul>\n<li>De Moliere<\/li>\n<li>Direcci\u00f3n: Etelvino V\u00e1zquez<\/li>\n<\/ul>\n<h4>2004. TROIANAS<\/h4>\n<ul>\n<li>De Eur\u00edpides<\/li>\n<li>Direcci\u00f3n: Etelvino V\u00e1zquez<\/li>\n<\/ul>\n<h4>2002. C\u00cdRCULO<\/h4>\n<ul>\n<li>Adaptaci\u00f3n da novela de Suso de Toro<\/li>\n<li>Direcci\u00f3n: Etelvino V\u00e1zquez<\/li>\n<\/ul>\n<h4>2002. O PRINCIPI\u00d1O<\/h4>\n<ul>\n<li>Adaptaci\u00f3n da novela de Antoine de Saint-Exup\u00e9ry<\/li>\n<li>Direcci\u00f3n: Salvador del R\u00edo\u00a0<\/li>\n<\/ul>\n<h4>2001. FAUSTO<\/h4>\n<ul>\n<li>De Christopher Marlowe<\/li>\n<li>Direcci\u00f3n: Etelvino V\u00e1zquez<\/li>\n<\/ul>\n<h4>2000. DECORCHEAS<\/h4>\n<ul>\n<li>De Mar\u00eda Armesto<\/li>\n<li>Direcci\u00f3n: Mar\u00eda Armesto\u00a0<\/li>\n<\/ul>\n<h4>1998. Lugar Com\u00fan<\/h4>\n<ul>\n<li>De Luc\u00eda S\u00e1nchez<\/li>\n<li>Direcci\u00f3n: Etelvino V\u00e1zquez<\/li>\n<\/ul>\n<h4>1997. Sempre UB\u00da<\/h4>\n<ul>\n<li>De Alfred Jarry<\/li>\n<li>Direcci\u00f3n: Etelvino V\u00e1zquez<\/li>\n<li>Coproduci\u00f3n con Teatro do Morcego e Tanxarina en Produci\u00f3ns do Sur<\/li>\n<\/ul>\n<h4>1996. Terra de lobos<\/h4>\n<ul>\n<li>De A. Torrado e M\u00e9ndez Ferr\u00edn<\/li>\n<li>Direcci\u00f3n: Jos\u00e9 Mart\u00edns<\/li>\n<li>Coproduci\u00f3n con Teatro do Noroeste e C.D. de Viana do Castelo<\/li>\n<\/ul>\n<h4>1995. TIC TAC<\/h4>\n<ul>\n<li>Adaptaci\u00f3n da novela de Suso de Toro<\/li>\n<li>Direcci\u00f3n: Etelvino V\u00e1zquez<\/li>\n<\/ul>\n<h4>1994. Macbett<\/h4>\n<ul>\n<li>De Eugene Ionesco<\/li>\n<li>Direcci\u00f3n de Julio Cardoso<\/li>\n<li>Coproduci\u00f3n con Teatro do Morcego e Tanxarina en Producci\u00f3ns do Sur<\/li>\n<\/ul>\n<h4>1993. O Polbo<\/h4>\n<ul>\n<li>De S. I. Witckiewicz<\/li>\n<li>Direcci\u00f3n: Alberto Bokos<\/li>\n<\/ul>\n<h4>1992. Cr\u00f3nica de Pantagruel<\/h4>\n<ul>\n<li>Adaptaci\u00f3n da novela de de Fran\u00e7ois Rabelais<\/li>\n<li>Direcci\u00f3n: Alberto Bokos<\/li>\n<\/ul>\n<h4>1991. Elektra<\/h4>\n<ul>\n<li>De Hugo Von Hofmannsthal<\/li>\n<li>Direcci\u00f3n: Alberto Bokos<\/li>\n<\/ul>\n<h4>1990. Pasos<\/h4>\n<ul>\n<li>De Lope de Rueda<\/li>\n<li>Direcci\u00f3n: Xos\u00e9 Manuel Pazos<\/li>\n<\/ul>\n<h4>1989. Mar\u00eda Soli\u00f1a<\/h4>\n<ul>\n<li>Dramaturxia de Xos\u00e9 Manuel Pazos e Etelvino V\u00e1zquez<\/li>\n<li>Direcci\u00f3n: Etelvino V\u00e1zquez<\/li>\n<\/ul>\n<h4>1988. UB\u00da REI<\/h4>\n<ul>\n<li>De Alfred Jarry<\/li>\n<li>Direcci\u00f3n: Etelvino V\u00e1zquez<\/li>\n<\/ul>\n<h4>1987. \u00c1cido Sulf\u00farico<\/h4>\n<ul>\n<li>De Alfonso Vallejo<\/li>\n<li>Direcci\u00f3n: Celso Parada<\/li>\n<\/ul>\n<\/div>\n<p><!--more--><br \/>\n<!-- {\"type\":\"layout\",\"children\":[{\"type\":\"section\",\"props\":{\"header_transparent\":true,\"header_transparent_text_color\":\"light\",\"height\":\"viewport\",\"height_offset_top\":true,\"image_effect\":\"parallax\",\"image_position\":\"center-center\",\"image_size\":\"cover\",\"media_background\":\"#595040\",\"media_blend_mode\":\"multiply\",\"style\":\"default\",\"title_breakpoint\":\"xl\",\"title_position\":\"top-left\",\"title_rotation\":\"left\",\"vertical_align\":\"middle\",\"video_height\":\"972\",\"video_width\":\"2560\",\"width\":\"xlarge\"},\"children\":[{\"type\":\"row\",\"children\":[{\"type\":\"column\",\"props\":{\"image_position\":\"center-center\",\"position_sticky_breakpoint\":\"m\",\"text_color\":\"light\"},\"children\":[{\"type\":\"headline\",\"props\":{\"animation\":\"parallax\",\"blend\":true,\"content\":\"Espect\\u00e1culos de Ningures\",\"margin\":\"large\",\"parallax_blur\":\"0,100\",\"parallax_y\":\"-5vh\",\"text_align\":\"center\",\"title_element\":\"h1\",\"title_style\":\"heading-xlarge\",\"visibility\":\"s\"}},{\"type\":\"headline\",\"props\":{\"animation\":\"parallax\",\"blend\":false,\"content\":\"Espect\\u00e1culos de Ningures\",\"margin\":\"remove-vertical\",\"parallax_blur\":\"0,100\",\"parallax_y\":\"-5vh\",\"text_align\":\"center\",\"title_element\":\"h1\",\"title_style\":\"heading-medium\",\"visibility\":\"hidden-s\"}},{\"type\":\"list\",\"props\":{\"blend\":false,\"column_breakpoint\":\"m\",\"content_style\":\"h6\",\"image_align\":\"left\",\"image_svg_color\":\"emphasis\",\"image_vertical_align\":true,\"list_element\":\"ul\",\"list_horizontal_separator\":\", \",\"list_size\":\"collapse\",\"list_type\":\"vertical\",\"margin\":\"large\",\"show_image\":true,\"show_link\":true,\"status\":\"disabled\",\"text_align\":\"left\"},\"children\":[{\"type\":\"list_item\",\"props\":{\"content\":\"\n\n<h2>2017-2025. A DEFENSA DA VILA, MAR\\u00cdA SOLI\\u00d1A<\\\/h2>\\n\n\n<ul>\\n\n\n<li>Textos de Xos\\u00e9 Manuel Pazos, Celso Emilio Ferreiro e apuntes hist\\u00f3ricos<\\\/li>\\n\n\n<li>Direcci\\u00f3n: Casilda Alfaro e Salvador del R\\u00edo<\\\/li>\\n<\\\/ul>\\n\n\n<h2>2024. AS GARDI\\u00c1S OU O N\\u00d3 DO TECEL\\u00c1N<\\\/h2>\\n\n\n<ul>\\n\n\n<li>De Nasser Djemai<\\\/li>\\n\n\n<li>Direcci\\u00f3n: Cristina Dom\\u00ednguez<\\\/li>\\n<\\\/ul>\\n\n\n<h2>2020. O MONTE DAS ARAS<\\\/h2>\\n\n\n<ul>\\n\n\n<li>A partir da idea orixinal de Lois Soaxe, escrito por Santiago Cortegoso<\\\/li>\\n\n\n<li>Direcci\\u00f3n: Salvador del R\\u00edo<\\\/li>\\n<\\\/ul>\\n\n\n<h2>2015. UNHAS POUCAS PICADELAS<\\\/h2>\\n\n\n<ul>\\n\n\n<li>De Laila Ripoll<\\\/li>\\n\n\n<li>Direcci\\u00f3n: Etelvino V\\u00e1zquez<\\\/li>\\n<\\\/ul>\\n\n\n<h2>2014. O OGROCHO<\\\/h2>\\n\n\n<ul>\\n\n\n<li>de Suizanne Lebeau.<\\\/li>\\n\n\n<li>Direcci\\u00f3n: Salvador del R\\u00edo<\\\/li>\\n<\\\/ul>\\n\n\n<h2>2012. PEGADAS<\\\/h2>\\n\n\n<ul>\\n\n\n<li>AAVV<\\\/li>\\n\n\n<li>Direcci\\u00f3n: Etelvino V\\u00e1zquez<\\\/li>\\n<\\\/ul>\\n\n\n<h2>2011. 0,7% MOLOTOV<\\\/h2>\\n\n\n<ul>\\n\n\n<li>Escrita e dirixida por Santiago Cortegoso<\\\/li>\\n<\\\/ul>\\n\n\n<h2>2011. HOMES MULLERES: O PARA\\u00cdSO TERREAL<\\\/h2>\\n\n\n<ul>\\n\n\n<li>Escrita por Mar\\u00eda Armesto, Paula Carballeira e Santiago Cortegoso<\\\/li>\\n\n\n<li>Dirixida por Etelvino V\\u00e1zquez<\\\/li>\\n<\\\/ul>\\n\n\n<h2>2009. OS C\\u00d3MICOS DELL'AUTO<\\\/h2>\\n\n\n<ul>\\n\n\n<li>De Santiago Cortegoso<\\\/li>\\n\n\n<li>Direcci\\u00f3n colectiva<\\\/li>\\n<\\\/ul>\\n\n\n<h2>2009. MAR\\u00cdA SOLI\\u00d1A. DESEMBARCO DOS TURCOS<\\\/h2>\\n\n\n<ul>\\n\n\n<li>Textos de Xos\\u00e9 Manuel Pazos, Celso Emilio Ferreiro e apuntes hist\\u00f3ricos<\\\/li>\\n\n\n<li>Direcci\\u00f3n: Casilda Alfaro e Pepa Barreiro<\\\/li>\\n<\\\/ul>\\n\n\n<h2>2009. \\u00d1AQUE OU DE PIOLLOS E ACTORES<\\\/h2>\\n\n\n<ul>\\n\n\n<li>De Sanchis Sinisterra<\\\/li>\\n\n\n<li>Direcci\\u00f3n: Salvador del R\\u00edo<\\\/li>\\n<\\\/ul>\\n\n\n<h2>2009. ATRA BILE<\\\/h2>\\n\n\n<ul>\\n\n\n<li>De Laila Ripoll<\\\/li>\\n\n\n<li>Direcci\\u00f3n: Etelvino V\\u00e1zquez<\\\/li>\\n<\\\/ul>\\n\n\n<h2>2008. BAILADELA DA MORTE DITOSA<\\\/h2>\\n\n\n<ul>\\n\n\n<li>De Roberto Vidal Bola\\u00f1o<\\\/li>\\n\n\n<li>Direcci\\u00f3n: Etelvino V\\u00e1zquez<\\\/li>\\n<\\\/ul>\\n\n\n<h2>2007. EMIGRADOS<\\\/h2>\\n\n\n<ul>\\n\n\n<li>Textos de Anxos Sumai, Sonia Torre, Suso de Toro, Xos\\u00e9 manuel Pazos e C\\u00e1ndido Paz\\u00f3<\\\/li>\\n\n\n<li>Direcci\\u00f3n: Etelvino V\\u00e1zquez<\\\/li>\\n<\\\/ul>\\n\n\n<h2>2006. MISERICORDIA<\\\/h2>\\n\n\n<ul>\\n\n\n<li>De Benito P\\u00e9rez Gald\\u00f3s<\\\/li>\\n\n\n<li>Direcci\\u00f3n: Etelvino V\\u00e1zquez<\\\/li>\\n<\\\/ul>\\n\n\n<h2>2005. TARTUFO<\\\/h2>\\n\n\n<ul>\\n\n\n<li>De Moliere<\\\/li>\\n\n\n<li>Direcci\\u00f3n: Etelvino V\\u00e1zquez<\\\/li>\\n<\\\/ul>\\n\n\n<h2>2004. TROIANAS<\\\/h2>\\n\n\n<ul>\\n\n\n<li>De Eur\\u00edpides<\\\/li>\\n\n\n<li>Direcci\\u00f3n: Etelvino V\\u00e1zquez<\\\/li>\\n<\\\/ul>\\n\n\n<h2>2002. C\\u00cdRCULO<\\\/h2>\\n\n\n<ul>\\n\n\n<li>Adaptaci\\u00f3n da novela de Suso de Toro<\\\/li>\\n\n\n<li>Direcci\\u00f3n: Etelvino V\\u00e1zquez<\\\/li>\\n<\\\/ul>\\n\n\n<h2>2002. O PRINCIPI\\u00d1O<\\\/h2>\\n\n\n<ul>\\n\n\n<li>Adaptaci\\u00f3n da novela de Antoine de Saint-Exup\\u00e9ry<\\\/li>\\n\n\n<li>Direcci\\u00f3n: Salvador del R\\u00edo\\u00a0<\\\/li>\\n<\\\/ul>\\n\n\n<h2>2001. FAUSTO<\\\/h2>\\n\n\n<ul>\\n\n\n<li>De Christopher Marlowe<\\\/li>\\n\n\n<li>Direcci\\u00f3n: Etelvino V\\u00e1zquez<\\\/li>\\n<\\\/ul>\\n\n\n<h2>2000. DECORCHEAS<\\\/h2>\\n\n\n<ul>\\n\n\n<li>De Mar\\u00eda Armesto<\\\/li>\\n\n\n<li>Direcci\\u00f3n: Mar\\u00eda Armesto\\u00a0<\\\/li>\\n<\\\/ul>\\n\n\n<h2>1998. Lugar Com\\u00fan<\\\/h2>\\n\n\n<ul>\\n\n\n<li>De Luc\\u00eda S\\u00e1nchez<\\\/li>\\n\n\n<li>Direcci\\u00f3n: Etelvino V\\u00e1zquez<\\\/li>\\n<\\\/ul>\\n\n\n<h2>1997. Sempre UB\\u00da<\\\/h2>\\n\n\n<ul>\\n\n\n<li>De Alfred Jarry<\\\/li>\\n\n\n<li>Direcci\\u00f3n: Etelvino V\\u00e1zquez<\\\/li>\\n\n\n<li>Coproduci\\u00f3n con Teatro do Morcego e Tanxarina en Produci\\u00f3ns do Sur<\\\/li>\\n<\\\/ul>\\n\n\n<h2>1996. Terra de lobos<\\\/h2>\\n\n\n<ul>\\n\n\n<li>De A. Torrado e M\\u00e9ndez Ferr\\u00edn<\\\/li>\\n\n\n<li>Direcci\\u00f3n: Jos\\u00e9 Mart\\u00edns<\\\/li>\\n\n\n<li>Coproduci\\u00f3n con Teatro do Noroeste e C.D. de Viana do Castelo<\\\/li>\\n<\\\/ul>\\n\n\n<h2>1995. TIC TAC<\\\/h2>\\n\n\n<ul>\\n\n\n<li>Adaptaci\\u00f3n da novela de Suso de Toro<\\\/li>\\n\n\n<li>Direcci\\u00f3n: Etelvino V\\u00e1zquez<\\\/li>\\n<\\\/ul>\\n\n\n<h2>1994. Macbett<\\\/h2>\\n\n\n<ul>\\n\n\n<li>De Eugene Ionesco<\\\/li>\\n\n\n<li>Direcci\\u00f3n de Julio Cardoso<\\\/li>\\n\n\n<li>Coproduci\\u00f3n con Teatro do Morcego e Tanxarina en Producci\\u00f3ns do Sur<\\\/li>\\n<\\\/ul>\\n\n\n<h2>1993. O Polbo<\\\/h2>\\n\n\n<ul>\\n\n\n<li>De S. I. Witckiewicz<\\\/li>\\n\n\n<li>Direcci\\u00f3n: Alberto Bokos<\\\/li>\\n<\\\/ul>\\n\n\n<h2>1992. Cr\\u00f3nica de Pantagruel<\\\/h2>\\n\n\n<ul>\\n\n\n<li>Adaptaci\\u00f3n da novela de de Fran\\u00e7ois Rabelais<\\\/li>\\n\n\n<li>Direcci\\u00f3n: Alberto Bokos<\\\/li>\\n<\\\/ul>\\n\n\n<h2>1991. Elektra<\\\/h2>\\n\n\n<ul>\\n\n\n<li>De Hugo Von Hofmannsthal<\\\/li>\\n\n\n<li>Direcci\\u00f3n: Alberto Bokos<\\\/li>\\n<\\\/ul>\\n\n\n<h2>1990. Pasos<\\\/h2>\\n\n\n<ul>\\n\n\n<li>De Lope de Rueda<\\\/li>\\n\n\n<li>Direcci\\u00f3n: Xos\\u00e9 Manuel Pazos<\\\/li>\\n<\\\/ul>\\n\n\n<h2>1989. Mar\\u00eda Soli\\u00f1a<\\\/h2>\\n\n\n<ul>\\n\n\n<li>Dramaturxia de Xos\\u00e9 Manuel Pazos e Etelvino V\\u00e1zquez<\\\/li>\\n\n\n<li>Direcci\\u00f3n: Etelvino V\\u00e1zquez<\\\/li>\\n<\\\/ul>\\n\n\n<h2>1988. UB\\u00da REI<\\\/h2>\\n\n\n<ul>\\n\n\n<li>De Alfred Jarry<\\\/li>\\n\n\n<li>Direcci\\u00f3n: Etelvino V\\u00e1zquez<\\\/li>\\n<\\\/ul>\\n\n\n<h2>1987. \\u00c1cido Sulf\\u00farico<\\\/h2>\\n\n\n<ul>\\n\n\n<li>De Alfonso Vallejo<\\\/li>\\n\n\n<li>Direcci\\u00f3n: Celso Parada<\\\/li>\\n<\\\/ul>\"}}]},{\"type\":\"text\",\"props\":{\"blend\":false,\"column\":\"1-3\",\"column_breakpoint\":\"m\",\"column_divider\":true,\"content\":\"\n\n<h4>2017-2025. A DEFENSA DA VILA, MAR\\u00cdA SOLI\\u00d1A<\\\/h4>\\n\n\n<ul>\\n\n\n<li>Textos de Xos\\u00e9 Manuel Pazos, Celso Emilio Ferreiro e apuntes hist\\u00f3ricos<\\\/li>\\n\n\n<li>Direcci\\u00f3n: Casilda Alfaro e Salvador del R\\u00edo<\\\/li>\\n<\\\/ul>\\n\n\n<h4>2024. AS GARDI\\u00c1S OU O N\\u00d3 DO TECEL\\u00c1N<\\\/h4>\\n\n\n<ul>\\n\n\n<li>De Nasser Djemai<\\\/li>\\n\n\n<li>Direcci\\u00f3n: Cristina Dom\\u00ednguez<\\\/li>\\n<\\\/ul>\\n\n\n<h4>2020. O MONTE DAS ARAS<\\\/h4>\\n\n\n<ul>\\n\n\n<li>A partir da idea orixinal de Lois Soaxe<\\\/li>\\n\n\n<li>Escrito por Santiago Cortegoso<\\\/li>\\n\n\n<li>Direcci\\u00f3n: Salvador del R\\u00edo<\\\/li>\\n<\\\/ul>\\n\n\n<h4>2015. UNHAS POUCAS PICADELAS<\\\/h4>\\n\n\n<ul>\\n\n\n<li>De Laila Ripoll<\\\/li>\\n\n\n<li>Direcci\\u00f3n: Etelvino V\\u00e1zquez<\\\/li>\\n<\\\/ul>\\n\n\n<h4>2014. O OGROCHO<\\\/h4>\\n\n\n<ul>\\n\n\n<li>De Suizanne Lebeau.<\\\/li>\\n\n\n<li>Direcci\\u00f3n: Salvador del R\\u00edo<\\\/li>\\n<\\\/ul>\\n\n\n<h4>2012. PEGADAS<\\\/h4>\\n\n\n<ul>\\n\n\n<li>AAVV<\\\/li>\\n\n\n<li>Direcci\\u00f3n: Etelvino V\\u00e1zquez<\\\/li>\\n<\\\/ul>\\n\n\n<h4>2011. 0,7% MOLOTOV<\\\/h4>\\n\n\n<ul>\\n\n\n<li>De Santiago Cortegoso<\\\/li>\\n\n\n<li>Direcci\\u00f3n: Santiago Cortegoso<\\\/li>\\n<\\\/ul>\\n\n\n<h4>2011. HOMES MULLERES: O PARA\\u00cdSO TERREAL<\\\/h4>\\n\n\n<ul>\\n\n\n<li>Escrita por Mar\\u00eda Armesto, Paula Carballeira e Santiago Cortegoso<\\\/li>\\n\n\n<li>Dirixida por Etelvino V\\u00e1zquez<\\\/li>\\n<\\\/ul>\\n\n\n<h4>2009. OS C\\u00d3MICOS DELL'AUTO<\\\/h4>\\n\n\n<ul>\\n\n\n<li>De Santiago Cortegoso<\\\/li>\\n\n\n<li>Direcci\\u00f3n colectiva<\\\/li>\\n<\\\/ul>\\n\n\n<h4>2009. MAR\\u00cdA SOLI\\u00d1A. DESEMBARCO DOS TURCOS<\\\/h4>\\n\n\n<ul>\\n\n\n<li>Textos de Xos\\u00e9 Manuel Pazos, Celso Emilio Ferreiro e apuntes hist\\u00f3ricos<\\\/li>\\n\n\n<li>Direcci\\u00f3n: Casilda Alfaro e Pepa Barreiro<\\\/li>\\n<\\\/ul>\\n\n\n<h4>2009. \\u00d1AQUE OU DE PIOLLOS E ACTORES<\\\/h4>\\n\n\n<ul>\\n\n\n<li>De Sanchis Sinisterra<\\\/li>\\n\n\n<li>Direcci\\u00f3n: Salvador del R\\u00edo<\\\/li>\\n<\\\/ul>\\n\n\n<h4>2009. ATRA BILE<\\\/h4>\\n\n\n<ul>\\n\n\n<li>De Laila Ripoll<\\\/li>\\n\n\n<li>Direcci\\u00f3n: Etelvino V\\u00e1zquez<\\\/li>\\n<\\\/ul>\\n\n\n<h4>2008. BAILADELA DA MORTE DITOSA<\\\/h4>\\n\n\n<ul>\\n\n\n<li>De Roberto Vidal Bola\\u00f1o<\\\/li>\\n\n\n<li>Direcci\\u00f3n: Etelvino V\\u00e1zquez<\\\/li>\\n<\\\/ul>\\n\n\n<h4>2007. EMIGRADOS<\\\/h4>\\n\n\n<ul>\\n\n\n<li>Textos de Anxos Sumai, Sonia Torre, \\u00a0Suso de Toro, Xos\\u00e9 manuel Pazos e C\\u00e1ndido Paz\\u00f3<\\\/li>\\n\n\n<li>Direcci\\u00f3n: Etelvino V\\u00e1zquez<\\\/li>\\n<\\\/ul>\\n\n\n<h4>2006. MISERICORDIA<\\\/h4>\\n\n\n<ul>\\n\n\n<li>De Benito P\\u00e9rez Gald\\u00f3s<\\\/li>\\n\n\n<li>Direcci\\u00f3n: Etelvino V\\u00e1zquez<\\\/li>\\n<\\\/ul>\\n\n\n<h4>2005. TARTUFO<\\\/h4>\\n\n\n<ul>\\n\n\n<li>De Moliere<\\\/li>\\n\n\n<li>Direcci\\u00f3n: Etelvino V\\u00e1zquez<\\\/li>\\n<\\\/ul>\\n\n\n<h4>2004. TROIANAS<\\\/h4>\\n\n\n<ul>\\n\n\n<li>De Eur\\u00edpides<\\\/li>\\n\n\n<li>Direcci\\u00f3n: Etelvino V\\u00e1zquez<\\\/li>\\n<\\\/ul>\\n\n\n<h4>2002. C\\u00cdRCULO<\\\/h4>\\n\n\n<ul>\\n\n\n<li>Adaptaci\\u00f3n da novela de Suso de Toro<\\\/li>\\n\n\n<li>Direcci\\u00f3n: Etelvino V\\u00e1zquez<\\\/li>\\n<\\\/ul>\\n\n\n<h4>2002. O PRINCIPI\\u00d1O<\\\/h4>\\n\n\n<ul>\\n\n\n<li>Adaptaci\\u00f3n da novela de Antoine de Saint-Exup\\u00e9ry<\\\/li>\\n\n\n<li>Direcci\\u00f3n: Salvador del R\\u00edo\\u00a0<\\\/li>\\n<\\\/ul>\\n\n\n<h4>2001. FAUSTO<\\\/h4>\\n\n\n<ul>\\n\n\n<li>De Christopher Marlowe<\\\/li>\\n\n\n<li>Direcci\\u00f3n: Etelvino V\\u00e1zquez<\\\/li>\\n<\\\/ul>\\n\n\n<h4>2000. DECORCHEAS<\\\/h4>\\n\n\n<ul>\\n\n\n<li>De Mar\\u00eda Armesto<\\\/li>\\n\n\n<li>Direcci\\u00f3n: Mar\\u00eda Armesto\\u00a0<\\\/li>\\n<\\\/ul>\\n\n\n<h4>1998. Lugar Com\\u00fan<\\\/h4>\\n\n\n<ul>\\n\n\n<li>De Luc\\u00eda S\\u00e1nchez<\\\/li>\\n\n\n<li>Direcci\\u00f3n: Etelvino V\\u00e1zquez<\\\/li>\\n<\\\/ul>\\n\n\n<h4>1997. Sempre UB\\u00da<\\\/h4>\\n\n\n<ul>\\n\n\n<li>De Alfred Jarry<\\\/li>\\n\n\n<li>Direcci\\u00f3n: Etelvino V\\u00e1zquez<\\\/li>\\n\n\n<li>Coproduci\\u00f3n con Teatro do Morcego e Tanxarina en Produci\\u00f3ns do Sur<\\\/li>\\n<\\\/ul>\\n\n\n<h4>1996. Terra de lobos<\\\/h4>\\n\n\n<ul>\\n\n\n<li>De A. Torrado e M\\u00e9ndez Ferr\\u00edn<\\\/li>\\n\n\n<li>Direcci\\u00f3n: Jos\\u00e9 Mart\\u00edns<\\\/li>\\n\n\n<li>Coproduci\\u00f3n con Teatro do Noroeste e C.D. de Viana do Castelo<\\\/li>\\n<\\\/ul>\\n\n\n<h4>1995. TIC TAC<\\\/h4>\\n\n\n<ul>\\n\n\n<li>Adaptaci\\u00f3n da novela de Suso de Toro<\\\/li>\\n\n\n<li>Direcci\\u00f3n: Etelvino V\\u00e1zquez<\\\/li>\\n<\\\/ul>\\n\n\n<h4>1994. Macbett<\\\/h4>\\n\n\n<ul>\\n\n\n<li>De Eugene Ionesco<\\\/li>\\n\n\n<li>Direcci\\u00f3n de Julio Cardoso<\\\/li>\\n\n\n<li>Coproduci\\u00f3n con Teatro do Morcego e Tanxarina en Producci\\u00f3ns do Sur<\\\/li>\\n<\\\/ul>\\n\n\n<h4>1993. O Polbo<\\\/h4>\\n\n\n<ul>\\n\n\n<li>De S. I. Witckiewicz<\\\/li>\\n\n\n<li>Direcci\\u00f3n: Alberto Bokos<\\\/li>\\n<\\\/ul>\\n\n\n<h4>1992. Cr\\u00f3nica de Pantagruel<\\\/h4>\\n\n\n<ul>\\n\n\n<li>Adaptaci\\u00f3n da novela de de Fran\\u00e7ois Rabelais<\\\/li>\\n\n\n<li>Direcci\\u00f3n: Alberto Bokos<\\\/li>\\n<\\\/ul>\\n\n\n<h4>1991. Elektra<\\\/h4>\\n\n\n<ul>\\n\n\n<li>De Hugo Von Hofmannsthal<\\\/li>\\n\n\n<li>Direcci\\u00f3n: Alberto Bokos<\\\/li>\\n<\\\/ul>\\n\n\n<h4>1990. Pasos<\\\/h4>\\n\n\n<ul>\\n\n\n<li>De Lope de Rueda<\\\/li>\\n\n\n<li>Direcci\\u00f3n: Xos\\u00e9 Manuel Pazos<\\\/li>\\n<\\\/ul>\\n\n\n<h4>1989. Mar\\u00eda Soli\\u00f1a<\\\/h4>\\n\n\n<ul>\\n\n\n<li>Dramaturxia de Xos\\u00e9 Manuel Pazos e Etelvino V\\u00e1zquez<\\\/li>\\n\n\n<li>Direcci\\u00f3n: Etelvino V\\u00e1zquez<\\\/li>\\n<\\\/ul>\\n\n\n<h4>1988. UB\\u00da REI<\\\/h4>\\n\n\n<ul>\\n\n\n<li>De Alfred Jarry<\\\/li>\\n\n\n<li>Direcci\\u00f3n: Etelvino V\\u00e1zquez<\\\/li>\\n<\\\/ul>\\n\n\n<h4>1987. \\u00c1cido Sulf\\u00farico<\\\/h4>\\n\n\n<ul>\\n\n\n<li>De Alfonso Vallejo<\\\/li>\\n\n\n<li>Direcci\\u00f3n: Celso Parada<\\\/li>\\n<\\\/ul>\",\"dropcap\":false,\"margin\":\"large\",\"text_style\":\"meta\"}}]}],\"props\":{\"margin_remove_top\":false}}],\"name\":\"Historial\",\"source\":{\"query\":{\"name\":\"pages.singlePage\"},\"props\":{\"image\":{\"name\":\"featuredImage.url\"}}}}],\"version\":\"4.5.31\"} --><\/p>\n","protected":false},"excerpt":{"rendered":"<p>Espect\u00e1culos de Ningures Espect\u00e1culos de Ningures 2017-2025. A DEFENSA DA VILA, MAR\u00cdA SOLI\u00d1A Textos de Xos\u00e9 Manuel Pazos, Celso Emilio Ferreiro e apuntes hist\u00f3ricos Direcci\u00f3n: Casilda Alfaro e Salvador del [&hellip;]<\/p>\n","protected":false},"author":1,"featured_media":2517,"parent":0,"menu_order":0,"comment_status":"closed","ping_status":"closed","template":"","meta":{"footnotes":""},"class_list":["post-2694","page","type-page","status-publish","has-post-thumbnail","hentry"],"yoast_head":"<!-- This site is optimized with the Yoast SEO plugin v27.2 - https:\/\/yoast.com\/product\/yoast-seo-wordpress\/ -->\n<title>Historial - Teatro de Ningures<\/title>\n<meta name=\"robots\" content=\"index, follow, max-snippet:-1, max-image-preview:large, max-video-preview:-1\" \/>\n<link rel=\"canonical\" href=\"https:\/\/teatrodeningures.gal\/gl\/historial\/\" \/>\n<meta property=\"og:locale\" content=\"gl_ES\" \/>\n<meta property=\"og:type\" content=\"article\" \/>\n<meta property=\"og:title\" content=\"Historial - Teatro de Ningures\" \/>\n<meta property=\"og:description\" content=\"Espect\u00e1culos de Ningures Espect\u00e1culos de Ningures 2017-2025. A DEFENSA DA VILA, MAR\u00cdA SOLI\u00d1A Textos de Xos\u00e9 Manuel Pazos, Celso Emilio Ferreiro e apuntes hist\u00f3ricos Direcci\u00f3n: Casilda Alfaro e Salvador del [&hellip;]\" \/>\n<meta property=\"og:url\" content=\"https:\/\/teatrodeningures.gal\/gl\/historial\/\" \/>\n<meta property=\"og:site_name\" content=\"Teatro de Ningures\" \/>\n<meta property=\"article:publisher\" content=\"https:\/\/www.facebook.com\/teatro.de.ningures\" \/>\n<meta property=\"article:modified_time\" content=\"2025-10-26T11:19:22+00:00\" \/>\n<meta property=\"og:image\" content=\"https:\/\/teatrodeningures.gal\/wp-content\/uploads\/2025\/10\/fondo-02032007.jpg\" \/>\n\t<meta property=\"og:image:width\" content=\"1280\" \/>\n\t<meta property=\"og:image:height\" content=\"1024\" \/>\n\t<meta property=\"og:image:type\" content=\"image\/jpeg\" \/>\n<meta name=\"twitter:card\" content=\"summary_large_image\" \/>\n<meta name=\"twitter:label1\" content=\"Tempo de lectura\" \/>\n\t<meta name=\"twitter:data1\" content=\"1 minuto\" \/>\n<script type=\"application\/ld+json\" class=\"yoast-schema-graph\">{\"@context\":\"https:\/\/schema.org\",\"@graph\":[{\"@type\":\"WebPage\",\"@id\":\"https:\/\/teatrodeningures.gal\/gl\/historial\/\",\"url\":\"https:\/\/teatrodeningures.gal\/gl\/historial\/\",\"name\":\"Historial - Teatro de Ningures\",\"isPartOf\":{\"@id\":\"https:\/\/teatrodeningures.gal\/gl\/#website\"},\"primaryImageOfPage\":{\"@id\":\"https:\/\/teatrodeningures.gal\/gl\/historial\/#primaryimage\"},\"image\":{\"@id\":\"https:\/\/teatrodeningures.gal\/gl\/historial\/#primaryimage\"},\"thumbnailUrl\":\"https:\/\/teatrodeningures.gal\/wp-content\/uploads\/2025\/10\/fondo-02032007.jpg\",\"datePublished\":\"2025-10-25T09:36:20+00:00\",\"dateModified\":\"2025-10-26T11:19:22+00:00\",\"breadcrumb\":{\"@id\":\"https:\/\/teatrodeningures.gal\/gl\/historial\/#breadcrumb\"},\"inLanguage\":\"gl-ES\",\"potentialAction\":[{\"@type\":\"ReadAction\",\"target\":[\"https:\/\/teatrodeningures.gal\/gl\/historial\/\"]}]},{\"@type\":\"ImageObject\",\"inLanguage\":\"gl-ES\",\"@id\":\"https:\/\/teatrodeningures.gal\/gl\/historial\/#primaryimage\",\"url\":\"https:\/\/teatrodeningures.gal\/wp-content\/uploads\/2025\/10\/fondo-02032007.jpg\",\"contentUrl\":\"https:\/\/teatrodeningures.gal\/wp-content\/uploads\/2025\/10\/fondo-02032007.jpg\",\"width\":1280,\"height\":1024},{\"@type\":\"BreadcrumbList\",\"@id\":\"https:\/\/teatrodeningures.gal\/gl\/historial\/#breadcrumb\",\"itemListElement\":[{\"@type\":\"ListItem\",\"position\":1,\"name\":\"Portada\",\"item\":\"https:\/\/teatrodeningures.gal\/gl\/\"},{\"@type\":\"ListItem\",\"position\":2,\"name\":\"Historial\"}]},{\"@type\":\"WebSite\",\"@id\":\"https:\/\/teatrodeningures.gal\/gl\/#website\",\"url\":\"https:\/\/teatrodeningures.gal\/gl\/\",\"name\":\"Teatro de Ningures\",\"description\":\"Teatro de Ningures\",\"publisher\":{\"@id\":\"https:\/\/teatrodeningures.gal\/gl\/#organization\"},\"potentialAction\":[{\"@type\":\"SearchAction\",\"target\":{\"@type\":\"EntryPoint\",\"urlTemplate\":\"https:\/\/teatrodeningures.gal\/gl\/?s={search_term_string}\"},\"query-input\":{\"@type\":\"PropertyValueSpecification\",\"valueRequired\":true,\"valueName\":\"search_term_string\"}}],\"inLanguage\":\"gl-ES\"},{\"@type\":\"Organization\",\"@id\":\"https:\/\/teatrodeningures.gal\/gl\/#organization\",\"name\":\"Teatro de Ningures\",\"url\":\"https:\/\/teatrodeningures.gal\/gl\/\",\"logo\":{\"@type\":\"ImageObject\",\"inLanguage\":\"gl-ES\",\"@id\":\"https:\/\/teatrodeningures.gal\/gl\/#\/schema\/logo\/image\/\",\"url\":\"https:\/\/teatrodeningures.gal\/wp-content\/uploads\/2024\/10\/favicon.svg\",\"contentUrl\":\"https:\/\/teatrodeningures.gal\/wp-content\/uploads\/2024\/10\/favicon.svg\",\"width\":1,\"height\":1,\"caption\":\"Teatro de Ningures\"},\"image\":{\"@id\":\"https:\/\/teatrodeningures.gal\/gl\/#\/schema\/logo\/image\/\"},\"sameAs\":[\"https:\/\/www.facebook.com\/teatro.de.ningures\",\"https:\/\/www.instagram.com\/teatrodeningures\/\"]}]}<\/script>\n<!-- \/ Yoast SEO plugin. -->","yoast_head_json":{"title":"Historial - Teatro de Ningures","robots":{"index":"index","follow":"follow","max-snippet":"max-snippet:-1","max-image-preview":"max-image-preview:large","max-video-preview":"max-video-preview:-1"},"canonical":"https:\/\/teatrodeningures.gal\/gl\/historial\/","og_locale":"gl_ES","og_type":"article","og_title":"Historial - Teatro de Ningures","og_description":"Espect\u00e1culos de Ningures Espect\u00e1culos de Ningures 2017-2025. A DEFENSA DA VILA, MAR\u00cdA SOLI\u00d1A Textos de Xos\u00e9 Manuel Pazos, Celso Emilio Ferreiro e apuntes hist\u00f3ricos Direcci\u00f3n: Casilda Alfaro e Salvador del [&hellip;]","og_url":"https:\/\/teatrodeningures.gal\/gl\/historial\/","og_site_name":"Teatro de Ningures","article_publisher":"https:\/\/www.facebook.com\/teatro.de.ningures","article_modified_time":"2025-10-26T11:19:22+00:00","og_image":[{"width":1280,"height":1024,"url":"https:\/\/teatrodeningures.gal\/wp-content\/uploads\/2025\/10\/fondo-02032007.jpg","type":"image\/jpeg"}],"twitter_card":"summary_large_image","twitter_misc":{"Tempo de lectura":"1 minuto"},"schema":{"@context":"https:\/\/schema.org","@graph":[{"@type":"WebPage","@id":"https:\/\/teatrodeningures.gal\/gl\/historial\/","url":"https:\/\/teatrodeningures.gal\/gl\/historial\/","name":"Historial - Teatro de Ningures","isPartOf":{"@id":"https:\/\/teatrodeningures.gal\/gl\/#website"},"primaryImageOfPage":{"@id":"https:\/\/teatrodeningures.gal\/gl\/historial\/#primaryimage"},"image":{"@id":"https:\/\/teatrodeningures.gal\/gl\/historial\/#primaryimage"},"thumbnailUrl":"https:\/\/teatrodeningures.gal\/wp-content\/uploads\/2025\/10\/fondo-02032007.jpg","datePublished":"2025-10-25T09:36:20+00:00","dateModified":"2025-10-26T11:19:22+00:00","breadcrumb":{"@id":"https:\/\/teatrodeningures.gal\/gl\/historial\/#breadcrumb"},"inLanguage":"gl-ES","potentialAction":[{"@type":"ReadAction","target":["https:\/\/teatrodeningures.gal\/gl\/historial\/"]}]},{"@type":"ImageObject","inLanguage":"gl-ES","@id":"https:\/\/teatrodeningures.gal\/gl\/historial\/#primaryimage","url":"https:\/\/teatrodeningures.gal\/wp-content\/uploads\/2025\/10\/fondo-02032007.jpg","contentUrl":"https:\/\/teatrodeningures.gal\/wp-content\/uploads\/2025\/10\/fondo-02032007.jpg","width":1280,"height":1024},{"@type":"BreadcrumbList","@id":"https:\/\/teatrodeningures.gal\/gl\/historial\/#breadcrumb","itemListElement":[{"@type":"ListItem","position":1,"name":"Portada","item":"https:\/\/teatrodeningures.gal\/gl\/"},{"@type":"ListItem","position":2,"name":"Historial"}]},{"@type":"WebSite","@id":"https:\/\/teatrodeningures.gal\/gl\/#website","url":"https:\/\/teatrodeningures.gal\/gl\/","name":"Teatro de Ningures","description":"Teatro de Ningures","publisher":{"@id":"https:\/\/teatrodeningures.gal\/gl\/#organization"},"potentialAction":[{"@type":"SearchAction","target":{"@type":"EntryPoint","urlTemplate":"https:\/\/teatrodeningures.gal\/gl\/?s={search_term_string}"},"query-input":{"@type":"PropertyValueSpecification","valueRequired":true,"valueName":"search_term_string"}}],"inLanguage":"gl-ES"},{"@type":"Organization","@id":"https:\/\/teatrodeningures.gal\/gl\/#organization","name":"Teatro de Ningures","url":"https:\/\/teatrodeningures.gal\/gl\/","logo":{"@type":"ImageObject","inLanguage":"gl-ES","@id":"https:\/\/teatrodeningures.gal\/gl\/#\/schema\/logo\/image\/","url":"https:\/\/teatrodeningures.gal\/wp-content\/uploads\/2024\/10\/favicon.svg","contentUrl":"https:\/\/teatrodeningures.gal\/wp-content\/uploads\/2024\/10\/favicon.svg","width":1,"height":1,"caption":"Teatro de Ningures"},"image":{"@id":"https:\/\/teatrodeningures.gal\/gl\/#\/schema\/logo\/image\/"},"sameAs":["https:\/\/www.facebook.com\/teatro.de.ningures","https:\/\/www.instagram.com\/teatrodeningures\/"]}]}},"_links":{"self":[{"href":"https:\/\/teatrodeningures.gal\/gl\/wp-json\/wp\/v2\/pages\/2694","targetHints":{"allow":["GET"]}}],"collection":[{"href":"https:\/\/teatrodeningures.gal\/gl\/wp-json\/wp\/v2\/pages"}],"about":[{"href":"https:\/\/teatrodeningures.gal\/gl\/wp-json\/wp\/v2\/types\/page"}],"author":[{"embeddable":true,"href":"https:\/\/teatrodeningures.gal\/gl\/wp-json\/wp\/v2\/users\/1"}],"replies":[{"embeddable":true,"href":"https:\/\/teatrodeningures.gal\/gl\/wp-json\/wp\/v2\/comments?post=2694"}],"version-history":[{"count":28,"href":"https:\/\/teatrodeningures.gal\/gl\/wp-json\/wp\/v2\/pages\/2694\/revisions"}],"predecessor-version":[{"id":2736,"href":"https:\/\/teatrodeningures.gal\/gl\/wp-json\/wp\/v2\/pages\/2694\/revisions\/2736"}],"wp:featuredmedia":[{"embeddable":true,"href":"https:\/\/teatrodeningures.gal\/gl\/wp-json\/wp\/v2\/media\/2517"}],"wp:attachment":[{"href":"https:\/\/teatrodeningures.gal\/gl\/wp-json\/wp\/v2\/media?parent=2694"}],"curies":[{"name":"wp","href":"https:\/\/api.w.org\/{rel}","templated":true}]}}