{"id":1935,"date":"2025-04-29T20:13:25","date_gmt":"2025-04-29T18:13:25","guid":{"rendered":"https:\/\/teatrodeningures.gal\/?post_type=tribe_events&#038;p=1935"},"modified":"2025-04-29T20:49:48","modified_gmt":"2025-04-29T18:49:48","slug":"luchadoras-2","status":"publish","type":"tribe_events","link":"https:\/\/teatrodeningures.gal\/gl\/evento\/luchadoras-2\/","title":{"rendered":"Luchadoras"},"content":{"rendered":"<p>Carla Novi. M\u00e9xico<\/p>\n<h1>Luchadoras<\/h1>\n<ul>\n<li>Texto e direcci\u00f3n: Carla Novi<\/li>\n<li>Interpretaci\u00f3n: Carla Novi<\/li>\n<li>Voces en off: Patrick Fern\u00e1ndez, Beatriz Camarena, Victor Garc\u00eda e Roberto Medel<\/li>\n<li>M\u00fasica: Roberto Herrera, Elera Costa, APA Music e Panda Music\/Pond 5<\/li>\n<li>Dese\u00f1o do cartel: Susana S\u00e1nchez<\/li>\n<li>T\u00e9cnica: Karla Monsalve<\/li>\n<li>Vestiario: Demetrio Garc\u00eda e Carla Novi<\/li>\n<li>Direcci\u00f3n: Carla Novi<\/li>\n<\/ul>\n<p>Sinopse:<\/p>\n<p>Ata onde estamos dispostos a chegar na nosa loita por conseguir o que queremos? Mara \u00e9 unha loitadora mexicana que durante anos non puido avanzar na s\u00faa profesi\u00f3n porque nunca cumpre as regras sexualizadas da loita feminina. Un d\u00eda, o seu promotor ofr\u00e9celle un trato que promete un salto profesional. Pero todo ten un prezo e Mara vese enredada nun con\u2002ito que a empuxa a levar a s\u00faa loita ao extremo. Luchadoras \u00e9 un drama social sobre a situaci\u00f3n das mulleres na sociedade mexicana e a violencia \u00e1 que se enfrontan no seu d\u00eda a d\u00eda, contado a trav\u00e9s do colorido mundo da loita libre mexicana.<\/p>\n","protected":false},"excerpt":{"rendered":"<p>Carla Novi. M\u00e9xico Luchadoras Texto e direcci\u00f3n: Carla Novi Interpretaci\u00f3n: Carla Novi Voces en off: Patrick Fern\u00e1ndez, Beatriz Camarena, Victor Garc\u00eda e Roberto Medel M\u00fasica: Roberto Herrera, Elera Costa, APA [&hellip;]<\/p>\n","protected":false},"author":1,"featured_media":1938,"template":"","meta":{"_tribe_events_status":"","_tribe_events_status_reason":"","footnotes":""},"tags":[],"tribe_events_cat":[11],"class_list":["post-1935","tribe_events","type-tribe_events","status-publish","has-post-thumbnail","hentry","tribe_events_cat-miteu","cat_miteu"],"yoast_head":"<!-- This site is optimized with the Yoast SEO plugin v27.2 - https:\/\/yoast.com\/product\/yoast-seo-wordpress\/ -->\n<title>Luchadoras - Teatro de Ningures<\/title>\n<meta name=\"robots\" content=\"index, follow, max-snippet:-1, max-image-preview:large, max-video-preview:-1\" \/>\n<link rel=\"canonical\" href=\"https:\/\/teatrodeningures.gal\/gl\/evento\/luchadoras-2\/\" \/>\n<meta property=\"og:locale\" content=\"gl_ES\" \/>\n<meta property=\"og:type\" content=\"article\" \/>\n<meta property=\"og:title\" content=\"Luchadoras - Teatro de Ningures\" \/>\n<meta property=\"og:description\" content=\"Carla Novi. M\u00e9xico Luchadoras Texto e direcci\u00f3n: Carla Novi Interpretaci\u00f3n: Carla Novi Voces en off: Patrick Fern\u00e1ndez, Beatriz Camarena, Victor Garc\u00eda e Roberto Medel M\u00fasica: Roberto Herrera, Elera Costa, APA [&hellip;]\" \/>\n<meta property=\"og:url\" content=\"https:\/\/teatrodeningures.gal\/gl\/evento\/luchadoras-2\/\" \/>\n<meta property=\"og:site_name\" content=\"Teatro de Ningures\" \/>\n<meta property=\"article:publisher\" content=\"https:\/\/www.facebook.com\/teatro.de.ningures\" \/>\n<meta property=\"article:modified_time\" content=\"2025-04-29T18:49:48+00:00\" \/>\n<meta property=\"og:image\" content=\"https:\/\/teatrodeningures.gal\/wp-content\/uploads\/2025\/04\/CARLA-NOVI.jpg\" \/>\n\t<meta property=\"og:image:width\" content=\"1280\" \/>\n\t<meta property=\"og:image:height\" content=\"1280\" \/>\n\t<meta property=\"og:image:type\" content=\"image\/jpeg\" \/>\n<meta name=\"twitter:card\" content=\"summary_large_image\" \/>\n<meta name=\"twitter:label1\" content=\"Tempo de lectura\" \/>\n\t<meta name=\"twitter:data1\" content=\"2 minutos\" \/>\n<script type=\"application\/ld+json\" class=\"yoast-schema-graph\">{\"@context\":\"https:\/\/schema.org\",\"@graph\":[{\"@type\":\"WebPage\",\"@id\":\"https:\/\/teatrodeningures.gal\/gl\/evento\/luchadoras-2\/\",\"url\":\"https:\/\/teatrodeningures.gal\/gl\/evento\/luchadoras-2\/\",\"name\":\"Luchadoras - Teatro de Ningures\",\"isPartOf\":{\"@id\":\"https:\/\/teatrodeningures.gal\/gl\/#website\"},\"primaryImageOfPage\":{\"@id\":\"https:\/\/teatrodeningures.gal\/gl\/evento\/luchadoras-2\/#primaryimage\"},\"image\":{\"@id\":\"https:\/\/teatrodeningures.gal\/gl\/evento\/luchadoras-2\/#primaryimage\"},\"thumbnailUrl\":\"https:\/\/teatrodeningures.gal\/wp-content\/uploads\/2025\/04\/CARLA-NOVI.jpg\",\"datePublished\":\"2025-04-29T18:13:25+00:00\",\"dateModified\":\"2025-04-29T18:49:48+00:00\",\"breadcrumb\":{\"@id\":\"https:\/\/teatrodeningures.gal\/gl\/evento\/luchadoras-2\/#breadcrumb\"},\"inLanguage\":\"gl-ES\",\"potentialAction\":[{\"@type\":\"ReadAction\",\"target\":[\"https:\/\/teatrodeningures.gal\/gl\/evento\/luchadoras-2\/\"]}]},{\"@type\":\"ImageObject\",\"inLanguage\":\"gl-ES\",\"@id\":\"https:\/\/teatrodeningures.gal\/gl\/evento\/luchadoras-2\/#primaryimage\",\"url\":\"https:\/\/teatrodeningures.gal\/wp-content\/uploads\/2025\/04\/CARLA-NOVI.jpg\",\"contentUrl\":\"https:\/\/teatrodeningures.gal\/wp-content\/uploads\/2025\/04\/CARLA-NOVI.jpg\",\"width\":1280,\"height\":1280},{\"@type\":\"BreadcrumbList\",\"@id\":\"https:\/\/teatrodeningures.gal\/gl\/evento\/luchadoras-2\/#breadcrumb\",\"itemListElement\":[{\"@type\":\"ListItem\",\"position\":1,\"name\":\"Portada\",\"item\":\"https:\/\/teatrodeningures.gal\/gl\/\"},{\"@type\":\"ListItem\",\"position\":2,\"name\":\"eventos\",\"item\":\"https:\/\/teatrodeningures.gal\/gl\/eventos\/\"},{\"@type\":\"ListItem\",\"position\":3,\"name\":\"Luchadoras\"}]},{\"@type\":\"WebSite\",\"@id\":\"https:\/\/teatrodeningures.gal\/gl\/#website\",\"url\":\"https:\/\/teatrodeningures.gal\/gl\/\",\"name\":\"Teatro de Ningures\",\"description\":\"Teatro de Ningures\",\"publisher\":{\"@id\":\"https:\/\/teatrodeningures.gal\/gl\/#organization\"},\"potentialAction\":[{\"@type\":\"SearchAction\",\"target\":{\"@type\":\"EntryPoint\",\"urlTemplate\":\"https:\/\/teatrodeningures.gal\/gl\/?s={search_term_string}\"},\"query-input\":{\"@type\":\"PropertyValueSpecification\",\"valueRequired\":true,\"valueName\":\"search_term_string\"}}],\"inLanguage\":\"gl-ES\"},{\"@type\":\"Organization\",\"@id\":\"https:\/\/teatrodeningures.gal\/gl\/#organization\",\"name\":\"Teatro de Ningures\",\"url\":\"https:\/\/teatrodeningures.gal\/gl\/\",\"logo\":{\"@type\":\"ImageObject\",\"inLanguage\":\"gl-ES\",\"@id\":\"https:\/\/teatrodeningures.gal\/gl\/#\/schema\/logo\/image\/\",\"url\":\"https:\/\/teatrodeningures.gal\/wp-content\/uploads\/2024\/10\/favicon.svg\",\"contentUrl\":\"https:\/\/teatrodeningures.gal\/wp-content\/uploads\/2024\/10\/favicon.svg\",\"width\":1,\"height\":1,\"caption\":\"Teatro de Ningures\"},\"image\":{\"@id\":\"https:\/\/teatrodeningures.gal\/gl\/#\/schema\/logo\/image\/\"},\"sameAs\":[\"https:\/\/www.facebook.com\/teatro.de.ningures\",\"https:\/\/www.instagram.com\/teatrodeningures\/\"]}]}<\/script>\n<!-- \/ Yoast SEO plugin. -->","yoast_head_json":{"title":"Luchadoras - Teatro de Ningures","robots":{"index":"index","follow":"follow","max-snippet":"max-snippet:-1","max-image-preview":"max-image-preview:large","max-video-preview":"max-video-preview:-1"},"canonical":"https:\/\/teatrodeningures.gal\/gl\/evento\/luchadoras-2\/","og_locale":"gl_ES","og_type":"article","og_title":"Luchadoras - Teatro de Ningures","og_description":"Carla Novi. M\u00e9xico Luchadoras Texto e direcci\u00f3n: Carla Novi Interpretaci\u00f3n: Carla Novi Voces en off: Patrick Fern\u00e1ndez, Beatriz Camarena, Victor Garc\u00eda e Roberto Medel M\u00fasica: Roberto Herrera, Elera Costa, APA [&hellip;]","og_url":"https:\/\/teatrodeningures.gal\/gl\/evento\/luchadoras-2\/","og_site_name":"Teatro de Ningures","article_publisher":"https:\/\/www.facebook.com\/teatro.de.ningures","article_modified_time":"2025-04-29T18:49:48+00:00","og_image":[{"width":1280,"height":1280,"url":"https:\/\/teatrodeningures.gal\/wp-content\/uploads\/2025\/04\/CARLA-NOVI.jpg","type":"image\/jpeg"}],"twitter_card":"summary_large_image","twitter_misc":{"Tempo de lectura":"2 minutos"},"schema":{"@context":"https:\/\/schema.org","@graph":[{"@type":"WebPage","@id":"https:\/\/teatrodeningures.gal\/gl\/evento\/luchadoras-2\/","url":"https:\/\/teatrodeningures.gal\/gl\/evento\/luchadoras-2\/","name":"Luchadoras - Teatro de Ningures","isPartOf":{"@id":"https:\/\/teatrodeningures.gal\/gl\/#website"},"primaryImageOfPage":{"@id":"https:\/\/teatrodeningures.gal\/gl\/evento\/luchadoras-2\/#primaryimage"},"image":{"@id":"https:\/\/teatrodeningures.gal\/gl\/evento\/luchadoras-2\/#primaryimage"},"thumbnailUrl":"https:\/\/teatrodeningures.gal\/wp-content\/uploads\/2025\/04\/CARLA-NOVI.jpg","datePublished":"2025-04-29T18:13:25+00:00","dateModified":"2025-04-29T18:49:48+00:00","breadcrumb":{"@id":"https:\/\/teatrodeningures.gal\/gl\/evento\/luchadoras-2\/#breadcrumb"},"inLanguage":"gl-ES","potentialAction":[{"@type":"ReadAction","target":["https:\/\/teatrodeningures.gal\/gl\/evento\/luchadoras-2\/"]}]},{"@type":"ImageObject","inLanguage":"gl-ES","@id":"https:\/\/teatrodeningures.gal\/gl\/evento\/luchadoras-2\/#primaryimage","url":"https:\/\/teatrodeningures.gal\/wp-content\/uploads\/2025\/04\/CARLA-NOVI.jpg","contentUrl":"https:\/\/teatrodeningures.gal\/wp-content\/uploads\/2025\/04\/CARLA-NOVI.jpg","width":1280,"height":1280},{"@type":"BreadcrumbList","@id":"https:\/\/teatrodeningures.gal\/gl\/evento\/luchadoras-2\/#breadcrumb","itemListElement":[{"@type":"ListItem","position":1,"name":"Portada","item":"https:\/\/teatrodeningures.gal\/gl\/"},{"@type":"ListItem","position":2,"name":"eventos","item":"https:\/\/teatrodeningures.gal\/gl\/eventos\/"},{"@type":"ListItem","position":3,"name":"Luchadoras"}]},{"@type":"WebSite","@id":"https:\/\/teatrodeningures.gal\/gl\/#website","url":"https:\/\/teatrodeningures.gal\/gl\/","name":"Teatro de Ningures","description":"Teatro de Ningures","publisher":{"@id":"https:\/\/teatrodeningures.gal\/gl\/#organization"},"potentialAction":[{"@type":"SearchAction","target":{"@type":"EntryPoint","urlTemplate":"https:\/\/teatrodeningures.gal\/gl\/?s={search_term_string}"},"query-input":{"@type":"PropertyValueSpecification","valueRequired":true,"valueName":"search_term_string"}}],"inLanguage":"gl-ES"},{"@type":"Organization","@id":"https:\/\/teatrodeningures.gal\/gl\/#organization","name":"Teatro de Ningures","url":"https:\/\/teatrodeningures.gal\/gl\/","logo":{"@type":"ImageObject","inLanguage":"gl-ES","@id":"https:\/\/teatrodeningures.gal\/gl\/#\/schema\/logo\/image\/","url":"https:\/\/teatrodeningures.gal\/wp-content\/uploads\/2024\/10\/favicon.svg","contentUrl":"https:\/\/teatrodeningures.gal\/wp-content\/uploads\/2024\/10\/favicon.svg","width":1,"height":1,"caption":"Teatro de Ningures"},"image":{"@id":"https:\/\/teatrodeningures.gal\/gl\/#\/schema\/logo\/image\/"},"sameAs":["https:\/\/www.facebook.com\/teatro.de.ningures","https:\/\/www.instagram.com\/teatrodeningures\/"]}]}},"_links":{"self":[{"href":"https:\/\/teatrodeningures.gal\/gl\/wp-json\/wp\/v2\/tribe_events\/1935","targetHints":{"allow":["GET"]}}],"collection":[{"href":"https:\/\/teatrodeningures.gal\/gl\/wp-json\/wp\/v2\/tribe_events"}],"about":[{"href":"https:\/\/teatrodeningures.gal\/gl\/wp-json\/wp\/v2\/types\/tribe_events"}],"author":[{"embeddable":true,"href":"https:\/\/teatrodeningures.gal\/gl\/wp-json\/wp\/v2\/users\/1"}],"version-history":[{"count":1,"href":"https:\/\/teatrodeningures.gal\/gl\/wp-json\/wp\/v2\/tribe_events\/1935\/revisions"}],"predecessor-version":[{"id":1937,"href":"https:\/\/teatrodeningures.gal\/gl\/wp-json\/wp\/v2\/tribe_events\/1935\/revisions\/1937"}],"wp:featuredmedia":[{"embeddable":true,"href":"https:\/\/teatrodeningures.gal\/gl\/wp-json\/wp\/v2\/media\/1938"}],"wp:attachment":[{"href":"https:\/\/teatrodeningures.gal\/gl\/wp-json\/wp\/v2\/media?parent=1935"}],"wp:term":[{"taxonomy":"post_tag","embeddable":true,"href":"https:\/\/teatrodeningures.gal\/gl\/wp-json\/wp\/v2\/tags?post=1935"},{"taxonomy":"tribe_events_cat","embeddable":true,"href":"https:\/\/teatrodeningures.gal\/gl\/wp-json\/wp\/v2\/tribe_events_cat?post=1935"}],"curies":[{"name":"wp","href":"https:\/\/api.w.org\/{rel}","templated":true}]}}